{"id":2320,"date":"2024-06-25T09:51:46","date_gmt":"2024-06-25T09:51:46","guid":{"rendered":"https:\/\/casadaniportugal.com\/condicoes-gerais\/"},"modified":"2026-08-04T09:22:21","modified_gmt":"2026-08-04T09:22:21","slug":"condicoes-gerais","status":"publish","type":"page","link":"https:\/\/casadaniportugal.com\/pt-pt\/condicoes-gerais\/","title":{"rendered":"Condi\u00e7\u00f5es gerais"},"content":{"rendered":"<div class=\"fusion-fullwidth fullwidth-box fusion-builder-row-1 fusion-flex-container has-pattern-background has-mask-background nonhundred-percent-fullwidth non-hundred-percent-height-scrolling\" style=\"--awb-border-radius-top-left:0px;--awb-border-radius-top-right:0px;--awb-border-radius-bottom-right:0px;--awb-border-radius-bottom-left:0px;--awb-flex-wrap:wrap;\" ><div class=\"fusion-builder-row fusion-row fusion-flex-align-items-flex-start fusion-flex-content-wrap\" style=\"max-width:1216.8px;margin-left: calc(-4% \/ 2 );margin-right: calc(-4% \/ 2 );\"><div class=\"fusion-layout-column fusion_builder_column fusion-builder-column-0 fusion_builder_column_1_1 1_1 fusion-flex-column\" style=\"--awb-bg-size:cover;--awb-width-large:100%;--awb-margin-top-large:0px;--awb-spacing-right-large:1.92%;--awb-margin-bottom-large:0px;--awb-spacing-left-large:1.92%;--awb-width-medium:100%;--awb-order-medium:0;--awb-spacing-right-medium:1.92%;--awb-spacing-left-medium:1.92%;--awb-width-small:100%;--awb-order-small:0;--awb-spacing-right-small:1.92%;--awb-spacing-left-small:1.92%;\"><div class=\"fusion-column-wrapper fusion-column-has-shadow fusion-flex-justify-content-flex-start fusion-content-layout-column\"><div class=\"fusion-text fusion-text-1\"><p><em><strong>\u00c9poca alta<\/strong><\/em><em>: de 1 de julho de 2024 a 15 de setembro de 2024, inclusive<\/em><em><br \/>\n<strong>\u00c9poca baixa<\/strong>: de 1 de abril de 2024 a 31 de outubro de 2024, exceto nas datas acima referidas. <\/em> <\/p>\n<p><em>Outras datas podem ser poss\u00edveis, mas s\u00f3 a pedido.  <\/em><\/p>\n<p><em>A estadia tem uma dura\u00e7\u00e3o m\u00ednima de tr\u00eas noites.<\/em><\/p>\n<p><em>Estadias fora destas datas a pedido, incluindo estadias mais longas ou durante o inverno.<\/em><\/p>\n<p>Queres entrar em contacto connosco primeiro? Envia-nos um e-mail. Entraremos em contacto contigo o mais depressa poss\u00edvel.  <\/p>\n<p>N\u00e3o cobramos taxas de reserva, mas pedimos um adiantamento: 25% no prazo de uma semana ap\u00f3s a reserva e 75% o mais tardar quatro semanas antes da data exata de chegada.<\/p>\n<p>No que diz respeito ao aluguer, a Casa Dani Portugal aplica as seguintes condi\u00e7\u00f5es gerais. Estas s\u00e3o vinculativas para ambas as partes. <\/p>\n<h3><strong>ALUGUER DE ALOJAMENTO<\/strong>:<\/h3>\n<p>Durante a estadia na Casa Dani<\/p>\n<p>Em Portugal, a estadia m\u00ednima \u00e9 de tr\u00eas noites.<\/p>\n<h3><strong> <\/strong><strong>PRE\u00c7OS:<\/strong><\/h3>\n<p>Os pre\u00e7os<em>indicados s\u00e3o<\/em> vinculativos, salvo erro. Os pre\u00e7os incluem roupa de cama, toalhas, roupa de cozinha e Wi-Fi gratuito. As toalhas de banho para a piscina n\u00e3o est\u00e3o inclu\u00eddas. Se ficares v\u00e1rias semanas, vais receber len\u00e7\u00f3is limpos ap\u00f3s a primeira semana e as toalhas de rosto s\u00e3o substitu\u00eddas regularmente. O pequeno-almo\u00e7o n\u00e3o est\u00e1 inclu\u00eddo.    <\/p>\n<h3><strong>CONFIRMA\u00c7\u00c3O DA RESERVA E DO PAGAMENTO:<\/strong><\/h3>\n<p>Depois de fazeres a reserva e pagares um adiantamento de 25%, enviamos-te, no prazo de uma semana, uma confirma\u00e7\u00e3o do adiantamento. Esta confirma\u00e7\u00e3o serve tamb\u00e9m como confirma\u00e7\u00e3o da tua reserva. Se o adiantamento n\u00e3o for pago no prazo de uma semana, a tua reserva caduca. Al\u00e9m disso, ao fazeres a reserva, est\u00e1s a aceitar os termos e condi\u00e7\u00f5es gerais. O montante restante deve ser transferido para a nossa conta, o mais tardar quatro semanas antes do in\u00edcio do per\u00edodo de aluguer.    <\/p>\n<p><strong>A idade m\u00ednima para fazer o check-in \u00e9 de 21 anos.<\/strong><\/p>\n<p><strong>No momento do check-in, \u00e9 preciso apresentar um documento de identifica\u00e7\u00e3o e um n\u00famero de telefone<\/strong><\/p>\n<h3><strong>CANCELAMENTO:<\/strong><\/h3>\n<p>Reembolso total da reserva se cancelares dentro de 48 horas ap\u00f3s a reserva, desde que a data de chegada seja, pelo menos, 14 dias mais tarde.<\/p>\n<p>Tens direito a um reembolso de 50% se cancelares pelo menos 7 dias antes do check-in.<\/p>\n<p>N\u00e3o h\u00e1 reembolso se cancelares menos de 7 dias antes do check-in.<\/p>\n<p>Recomendamos que fa\u00e7as sempre um seguro de cancelamento.<\/p>\n<h3><strong>ALTERA\u00c7\u00c3O DO PER\u00cdODO DE ARRENDAMENTO:<\/strong><\/h3>\n<p>Depende da disponibilidade e s\u00f3 a pedido.<\/p>\n<h3><strong>CHEGADA E PARTIDA:<\/strong><\/h3>\n<p>O check-in \u00e9 feito a partir das 15h00 e at\u00e9 \u00e0s 22h00.<\/p>\n<p>O check-out tem de ser feito at\u00e9 \u00e0s 10h00. Outros hor\u00e1rios s\u00f3 mediante acordo pr\u00e9vio. <\/p>\n<h3><strong>LIMPEZA (FINAL) E CAU\u00c7\u00c3O:<\/strong><\/h3>\n<p>Durante a estadia, tens de manter a tua casa de f\u00e9rias arrumada. A limpeza final fica a nosso cargo, \u00e9 obrigat\u00f3ria e n\u00e3o est\u00e1 inclu\u00edda no pre\u00e7o do aluguer. Tens de entregar a casa varrida e a lou\u00e7a limpa e arrumada. O lixo dom\u00e9stico tem de ser retirado.   <\/p>\n<p>Os custos de limpeza final s\u00e3o de 8 \u20ac por noite ou 52 \u20ac por estadia a partir de uma semana. Estes custos t\u00eam de ser pagos no local. Al\u00e9m disso, vais ter de pagar uma cau\u00e7\u00e3o de 150 \u20ac em dinheiro \u00e0 chegada. \u00c9 claro que vais receb\u00ea-la de volta se a estadia decorrer sem incidentes. Se tivermos de levar o lixo e lavar a lou\u00e7a, ser\u00e3o deduzidos 50 \u20ac da cau\u00e7\u00e3o.    <\/p>\n<h4><strong>Servi\u00e7o de pequeno-almo\u00e7o:<\/strong><\/h4>\n<p>Podes tomar o pequeno-almo\u00e7o na Casa Dani Portugal, mediante pagamento. O pequeno-almo\u00e7o n\u00e3o est\u00e1 inclu\u00eddo. <\/p>\n<h4><strong>Crian\u00e7as<\/strong><\/h4>\n<p>As crian\u00e7as s\u00e3o, claro, bem-vindas. \u00c9 poss\u00edvel reservar um ber\u00e7o, dependendo da disponibilidade. As crian\u00e7as at\u00e9 aos 2 anos n\u00e3o pagam.  <\/p>\n<h4><strong>Animais de estima\u00e7\u00e3o:<\/strong><\/h4>\n<p>Os animais de estima\u00e7\u00e3o s\u00f3 s\u00e3o permitidos mediante acordo pr\u00e9vio e mediante o pagamento de uma pequena taxa.<\/p>\n<p>O teu animal de estima\u00e7\u00e3o n\u00e3o pode ficar sozinho no teu quarto e n\u00e3o pode causar inc\u00f3modos.<\/p>\n<h3><strong>Extras que podes reservar:<\/strong><\/h3>\n<h4><strong> <\/strong><strong>Pequeno-almo\u00e7o<\/strong><\/h4>\n<p>Podes tomar o pequeno-almo\u00e7o na Casa Dani Portugal, mediante pagamento. O pequeno-almo\u00e7o n\u00e3o est\u00e1 inclu\u00eddo.  O pequeno-almo\u00e7o custa 10 \u20ac por pessoa, por dia. Se tiveres algum pedido especial ou alergias, avisa-nos. Assim, podemos ter isso em conta.  <\/p>\n<h4><strong>Ber\u00e7o<\/strong><\/h4>\n<p>Dispon\u00edvel mediante pedido para crian\u00e7as dos 0 aos 2 anos.<\/p>\n<p>As crian\u00e7as com 2 anos ou mais s\u00e3o consideradas pessoas adicionais neste alojamento.<\/p>\n<h2><strong><u>Regras da casa<\/u><\/strong><\/h2>\n<h3><strong>Fumadores<\/strong><\/h3>\n<p>Estes s\u00e3o apartamentos onde n\u00e3o se pode fumar. Temos cinzeiros \u00e0 disposi\u00e7\u00e3o dos fumadores l\u00e1 fora. <\/p>\n<h3><strong>Momento de sil\u00eancio<\/strong><\/h3>\n<p>O som propaga-se nestes vales montanhosos tranquilos! Se ainda houver algum h\u00f3spede na outra casa, respeita-o mantendo o volume baixo entre as 23h00 e as 07h00. <\/p>\n<h3><strong>Piscina<\/strong><\/h3>\n<p>N\u00e3o leves objetos de vidro nem m\u00f3veis para a piscina.<\/p>\n<p>As crian\u00e7as t\u00eam de estar acompanhadas por um adulto.<\/p>\n<p>\u00c9 proibido mergulhar.<\/p>\n<p>A utiliza\u00e7\u00e3o da piscina \u00e9 por tua conta e risco.<\/p>\n<h3><strong>Proibido fazer fogueiras ao ar livre* Proibido fumar* Proibido fazer fogo aberto*<\/strong><\/h3>\n<p>Os inc\u00eandios florestais s\u00e3o uma realidade por aqui.<\/p>\n<p>Aqui, tal como em grande parte de Portugal, \u00e9 estritamente proibido acender fogueiras ao ar livre durante os meses quentes de ver\u00e3o. Usa apenas o local destinado a churrascos. <\/p>\n<p>Recentemente, entrou em vigor em Portugal uma nova lei que pro\u00edbe por lei qualquer tipo de queima ou utiliza\u00e7\u00e3o de fogo, como fogueiras, fogos de artif\u00edcio, velas, lanternas de fogo, etc., durante os meses quentes (junho a setembro).<\/p>\n<p>N\u00e3o deixes vidros ao ar livre, porque o reflexo, em tempo seco, pode provocar um inc\u00eandio.<\/p>\n<p>Obrigado por ajudares a manter toda a gente em seguran\u00e7a.<\/p>\n<h3><strong>Fossa s\u00e9ptica<\/strong><\/h3>\n<p>N\u00e3o deites nada na sanita que n\u00e3o se possa decompor, como res\u00edduos sanit\u00e1rios, cotonetes, fraldas, etc.<\/p>\n<h3><strong>Estacionamento<\/strong><\/h3>\n<p>Estaciona o teu carro no local indicado para o efeito. Por raz\u00f5es de seguran\u00e7a e de trabalho, temos de manter a rampa desobstru\u00edda. <\/p>\n<\/div><\/div><\/div><\/div><\/div>\n","protected":false},"excerpt":{"rendered":"","protected":false},"author":1,"featured_media":0,"parent":0,"menu_order":0,"comment_status":"closed","ping_status":"closed","template":"","meta":{"footnotes":""},"class_list":["post-2320","page","type-page","status-publish","hentry"],"_links":{"self":[{"href":"https:\/\/casadaniportugal.com\/pt-pt\/wp-json\/wp\/v2\/pages\/2320","targetHints":{"allow":["GET"]}}],"collection":[{"href":"https:\/\/casadaniportugal.com\/pt-pt\/wp-json\/wp\/v2\/pages"}],"about":[{"href":"https:\/\/casadaniportugal.com\/pt-pt\/wp-json\/wp\/v2\/types\/page"}],"author":[{"embeddable":true,"href":"https:\/\/casadaniportugal.com\/pt-pt\/wp-json\/wp\/v2\/users\/1"}],"replies":[{"embeddable":true,"href":"https:\/\/casadaniportugal.com\/pt-pt\/wp-json\/wp\/v2\/comments?post=2320"}],"version-history":[{"count":2,"href":"https:\/\/casadaniportugal.com\/pt-pt\/wp-json\/wp\/v2\/pages\/2320\/revisions"}],"predecessor-version":[{"id":2324,"href":"https:\/\/casadaniportugal.com\/pt-pt\/wp-json\/wp\/v2\/pages\/2320\/revisions\/2324"}],"wp:attachment":[{"href":"https:\/\/casadaniportugal.com\/pt-pt\/wp-json\/wp\/v2\/media?parent=2320"}],"curies":[{"name":"wp","href":"https:\/\/api.w.org\/{rel}","templated":true}]}}