{"id":2273,"date":"2024-06-25T09:51:16","date_gmt":"2024-06-25T09:51:16","guid":{"rendered":"https:\/\/casadaniportugal.com\/arredores\/"},"modified":"2026-08-04T09:16:51","modified_gmt":"2026-08-04T09:16:51","slug":"arredores","status":"publish","type":"page","link":"https:\/\/casadaniportugal.com\/pt-pt\/arredores\/","title":{"rendered":"Arredores"},"content":{"rendered":"<p><div class=\"fusion-fullwidth fullwidth-box fusion-builder-row-1 fusion-flex-container has-pattern-background has-mask-background nonhundred-percent-fullwidth non-hundred-percent-height-scrolling\" style=\"--awb-border-radius-top-left:0px;--awb-border-radius-top-right:0px;--awb-border-radius-bottom-right:0px;--awb-border-radius-bottom-left:0px;--awb-flex-wrap:wrap;\" ><div class=\"fusion-builder-row fusion-row fusion-flex-align-items-flex-start fusion-flex-content-wrap\" style=\"max-width:1216.8px;margin-left: calc(-4% \/ 2 );margin-right: calc(-4% \/ 2 );\"><div class=\"fusion-layout-column fusion_builder_column fusion-builder-column-0 fusion_builder_column_1_1 1_1 fusion-flex-column\" style=\"--awb-bg-size:cover;--awb-width-large:100%;--awb-margin-top-large:0px;--awb-spacing-right-large:1.92%;--awb-margin-bottom-large:0px;--awb-spacing-left-large:1.92%;--awb-width-medium:100%;--awb-order-medium:0;--awb-spacing-right-medium:1.92%;--awb-spacing-left-medium:1.92%;--awb-width-small:100%;--awb-order-small:0;--awb-spacing-right-small:1.92%;--awb-spacing-left-small:1.92%;\"><div class=\"fusion-column-wrapper fusion-column-has-shadow fusion-flex-justify-content-flex-start fusion-content-layout-column\"><div class=\"fusion-text fusion-text-1\"><p>A Casa Dani fica no meio da bel\u00edssima regi\u00e3o de Tomar, na prov\u00edncia de Santar\u00e9m, a pouco mais de uma hora de carro da capital, Lisboa. A natureza come\u00e7a mesmo no nosso quintal e, em 10 minutos de carro, chegas a esta cidade tradicional e acolhedora. Da tua esplanada privada, \u00e9s recebido todos os dias pelo nascer do sol, que tinge toda a paisagem de laranja. Durante o dia, o c\u00e9u azul convida-te a descobrir tudo o que Portugal tem para oferecer e, sobretudo, o que Tomar tem para te proporcionar. A partir daqui, podes visitar facilmente v\u00e1rias praias fluviais, cascatas e campos de flores.    <\/p>\n<\/div><\/div><\/div><\/div><\/div><div class=\"fusion-fullwidth fullwidth-box fusion-builder-row-2 fusion-flex-container has-pattern-background has-mask-background nonhundred-percent-fullwidth non-hundred-percent-height-scrolling\" style=\"--awb-border-radius-top-left:0px;--awb-border-radius-top-right:0px;--awb-border-radius-bottom-right:0px;--awb-border-radius-bottom-left:0px;--awb-flex-wrap:wrap;\" ><div class=\"fusion-builder-row fusion-row fusion-flex-align-items-flex-start fusion-flex-content-wrap\" style=\"max-width:1216.8px;margin-left: calc(-4% \/ 2 );margin-right: calc(-4% \/ 2 );\"><div class=\"fusion-layout-column fusion_builder_column fusion-builder-column-1 fusion_builder_column_1_2 1_2 fusion-flex-column\" style=\"--awb-bg-size:cover;--awb-width-large:50%;--awb-margin-top-large:0px;--awb-spacing-right-large:3.84%;--awb-margin-bottom-large:0px;--awb-spacing-left-large:3.84%;--awb-width-medium:100%;--awb-order-medium:0;--awb-spacing-right-medium:1.92%;--awb-spacing-left-medium:1.92%;--awb-width-small:100%;--awb-order-small:0;--awb-spacing-right-small:1.92%;--awb-spacing-left-small:1.92%;\"><div class=\"fusion-column-wrapper fusion-column-has-shadow fusion-flex-justify-content-flex-start fusion-content-layout-column\"><div class=\"fusion-text fusion-text-2\"><p>Tomar \u00e9 uma cidade encantadora onde a influ\u00eancia dos Templ\u00e1rios ainda \u00e9 bem vis\u00edvel. Por ruelas estreitas, passando por casinhas acolhedoras e fachadas lindas, depois de uma pausa num caf\u00e9 super agrad\u00e1vel, podes visitar, no topo da colina, o Convento de Cristo. Este convento \u00e9 o cart\u00e3o de visita da cidade. Datado do s\u00e9culo XII, este edif\u00edcio foi uma obra pioneira, repleta de tesouros arquitet\u00f3nicos e culturais. A partir daqui, podes optar por te aventurares mais a fundo na natureza deslumbrante, por exemplo, at\u00e9 ao Aqueduto, ou regressar \u00e0 acolhedora cidade. Tomar n\u00e3o vive apenas no passado; hoje em dia, ainda h\u00e1 muitos tesouros culturais por descobrir.     <\/p>\n<\/div><div class=\"fusion-text fusion-text-3\"><p>Um dos maiores festivais de Tomar \u00e9 o das Festas dos Tabuleiros. Uma vez a cada quatro anos, todas as ruas ficam decoradas com enfeites de papel feitos \u00e0 m\u00e3o. Durante dez dias, Tomar enche-se de desfiles, missas, espet\u00e1culos de m\u00fasica e dan\u00e7a. Tens mesmo de visitar esta festa pelo menos uma vez na vida. Para quem gosta de arte e cultura, Tomar tamb\u00e9m tem todos os anos v\u00e1rios festivais diferentes. Pensa, por exemplo, na Festa Templ\u00e1ria de Tomar, no Z\u00eazere Arts ou no Art&#8217;in Rua \u2013 Tomar Street Arts Festival. Queres saber quais s\u00e3o os festivais locais que v\u00e3o acontecer durante a tua estadia? A Gerda e o Maarten t\u00eam todo o gosto em te aconselhar.       <\/p>\n<\/div><\/div><\/div><div class=\"fusion-layout-column fusion_builder_column fusion-builder-column-2 fusion_builder_column_1_2 1_2 fusion-flex-column\" style=\"--awb-bg-size:cover;--awb-width-large:50%;--awb-margin-top-large:0px;--awb-spacing-right-large:3.84%;--awb-margin-bottom-large:0px;--awb-spacing-left-large:3.84%;--awb-width-medium:100%;--awb-order-medium:0;--awb-spacing-right-medium:1.92%;--awb-spacing-left-medium:1.92%;--awb-width-small:100%;--awb-order-small:0;--awb-spacing-right-small:1.92%;--awb-spacing-left-small:1.92%;\"><div class=\"fusion-column-wrapper fusion-column-has-shadow fusion-flex-justify-content-flex-start fusion-content-layout-column\"><div class=\"fusion-image-element\" style=\"--awb-caption-title-font-family:var(--h2_typography-font-family);--awb-caption-title-font-weight:var(--h2_typography-font-weight);--awb-caption-title-font-style:var(--h2_typography-font-style);--awb-caption-title-size:var(--h2_typography-font-size);--awb-caption-title-transform:var(--h2_typography-text-transform);--awb-caption-title-line-height:var(--h2_typography-line-height);--awb-caption-title-letter-spacing:var(--h2_typography-letter-spacing);\"><span class=\" fusion-imageframe imageframe-none imageframe-1 hover-type-none\"><img decoding=\"async\" width=\"1224\" height=\"1632\" alt=\"Trilho de caminhada de F\u00e1tima\" title=\"Trilho de caminhada de F\u00e1tima\" src=\"https:\/\/casadaniportugal.com\/wp-content\/uploads\/2024\/07\/Fatima-wandelpad.jpg\" data-orig-src=\"https:\/\/casadaniportugal.com\/wp-content\/uploads\/2024\/07\/Fatima-wandelpad.jpg\" class=\"lazyload img-responsive wp-image-2258\" srcset=\"data:image\/svg+xml,%3Csvg%20xmlns%3D%27http%3A%2F%2Fwww.w3.org%2F2000%2Fsvg%27%20width%3D%271224%27%20height%3D%271632%27%20viewBox%3D%270%200%201224%201632%27%3E%3Crect%20width%3D%271224%27%20height%3D%271632%27%20fill-opacity%3D%220%22%2F%3E%3C%2Fsvg%3E\" data-srcset=\"https:\/\/casadaniportugal.com\/wp-content\/uploads\/2024\/07\/Fatima-wandelpad-200x267.jpg 200w, https:\/\/casadaniportugal.com\/wp-content\/uploads\/2024\/07\/Fatima-wandelpad-400x533.jpg 400w, https:\/\/casadaniportugal.com\/wp-content\/uploads\/2024\/07\/Fatima-wandelpad-600x800.jpg 600w, https:\/\/casadaniportugal.com\/wp-content\/uploads\/2024\/07\/Fatima-wandelpad-800x1067.jpg 800w, https:\/\/casadaniportugal.com\/wp-content\/uploads\/2024\/07\/Fatima-wandelpad-1200x1600.jpg 1200w, https:\/\/casadaniportugal.com\/wp-content\/uploads\/2024\/07\/Fatima-wandelpad.jpg 1224w\" data-sizes=\"auto\" data-orig-sizes=\"(max-width: 1024px) 100vw, (max-width: 640px) 100vw, 600px\" \/><\/span><\/div><\/div><\/div><\/div><\/div><div class=\"fusion-fullwidth fullwidth-box fusion-builder-row-3 fusion-flex-container has-pattern-background has-mask-background nonhundred-percent-fullwidth non-hundred-percent-height-scrolling\" style=\"--awb-border-radius-top-left:0px;--awb-border-radius-top-right:0px;--awb-border-radius-bottom-right:0px;--awb-border-radius-bottom-left:0px;--awb-flex-wrap:wrap;\" ><div class=\"fusion-builder-row fusion-row fusion-flex-align-items-flex-start fusion-flex-content-wrap\" style=\"max-width:1216.8px;margin-left: calc(-4% \/ 2 );margin-right: calc(-4% \/ 2 );\"><div class=\"fusion-layout-column fusion_builder_column fusion-builder-column-3 fusion_builder_column_1_1 1_1 fusion-flex-column\" style=\"--awb-bg-size:cover;--awb-width-large:100%;--awb-margin-top-large:0px;--awb-spacing-right-large:1.92%;--awb-margin-bottom-large:0px;--awb-spacing-left-large:1.92%;--awb-width-medium:100%;--awb-order-medium:0;--awb-spacing-right-medium:1.92%;--awb-spacing-left-medium:1.92%;--awb-width-small:100%;--awb-order-small:0;--awb-spacing-right-small:1.92%;--awb-spacing-left-small:1.92%;\"><div class=\"fusion-column-wrapper fusion-column-has-shadow fusion-flex-justify-content-flex-start fusion-content-layout-column\"><div class=\"fusion-text fusion-text-4\"><p>A Casa Dani \u00e9 tamb\u00e9m a paragem perfeita para uma das peregrina\u00e7\u00f5es a F\u00e1tima ou mesmo mais al\u00e9m, at\u00e9 Santiago. O percurso para F\u00e1tima, o Caminho de F\u00e1tima, passa praticamente pelo nosso quintal. Durante toda a \u00e9poca, vemos caminhantes a percorrer este percurso espiritual ou simplesmente a desfrutar da natureza deslumbrante. Este percurso come\u00e7a em Lisboa e passa por mais 7 cidades at\u00e9 F\u00e1tima, com uma dist\u00e2ncia total de 178 quil\u00f3metros. A partir de Tomar, faltam ainda 29 quil\u00f3metros at\u00e9 F\u00e1tima.    <\/p>\n<\/div><\/div><\/div><\/div><\/div><div class=\"fusion-fullwidth fullwidth-box fusion-builder-row-4 fusion-flex-container has-pattern-background has-mask-background nonhundred-percent-fullwidth non-hundred-percent-height-scrolling\" style=\"--awb-border-radius-top-left:0px;--awb-border-radius-top-right:0px;--awb-border-radius-bottom-right:0px;--awb-border-radius-bottom-left:0px;--awb-flex-wrap:wrap;\" ><div class=\"fusion-builder-row fusion-row fusion-flex-align-items-flex-start fusion-flex-content-wrap\" style=\"max-width:1216.8px;margin-left: calc(-4% \/ 2 );margin-right: calc(-4% \/ 2 );\"><div class=\"fusion-layout-column fusion_builder_column fusion-builder-column-4 fusion_builder_column_1_2 1_2 fusion-flex-column\" style=\"--awb-bg-size:cover;--awb-width-large:50%;--awb-margin-top-large:0px;--awb-spacing-right-large:3.84%;--awb-margin-bottom-large:0px;--awb-spacing-left-large:3.84%;--awb-width-medium:100%;--awb-order-medium:0;--awb-spacing-right-medium:1.92%;--awb-spacing-left-medium:1.92%;--awb-width-small:100%;--awb-order-small:0;--awb-spacing-right-small:1.92%;--awb-spacing-left-small:1.92%;\"><div class=\"fusion-column-wrapper fusion-column-has-shadow fusion-flex-justify-content-flex-start fusion-content-layout-column\"><div class=\"fusion-image-element\" style=\"--awb-caption-title-font-family:var(--h2_typography-font-family);--awb-caption-title-font-weight:var(--h2_typography-font-weight);--awb-caption-title-font-style:var(--h2_typography-font-style);--awb-caption-title-size:var(--h2_typography-font-size);--awb-caption-title-transform:var(--h2_typography-text-transform);--awb-caption-title-line-height:var(--h2_typography-line-height);--awb-caption-title-letter-spacing:var(--h2_typography-letter-spacing);\"><span class=\" fusion-imageframe imageframe-none imageframe-2 hover-type-none\"><img decoding=\"async\" width=\"1632\" height=\"1224\" alt=\"Aqueduto de Tomar\" title=\"Aqueduto de Tomar\" src=\"https:\/\/casadaniportugal.com\/wp-content\/uploads\/2024\/06\/Tomar-aquaduct.jpg\" data-orig-src=\"https:\/\/casadaniportugal.com\/wp-content\/uploads\/2024\/06\/Tomar-aquaduct.jpg\" class=\"lazyload img-responsive wp-image-2111\" srcset=\"data:image\/svg+xml,%3Csvg%20xmlns%3D%27http%3A%2F%2Fwww.w3.org%2F2000%2Fsvg%27%20width%3D%271632%27%20height%3D%271224%27%20viewBox%3D%270%200%201632%201224%27%3E%3Crect%20width%3D%271632%27%20height%3D%271224%27%20fill-opacity%3D%220%22%2F%3E%3C%2Fsvg%3E\" data-srcset=\"https:\/\/casadaniportugal.com\/wp-content\/uploads\/2024\/06\/Tomar-aquaduct-200x150.jpg 200w, https:\/\/casadaniportugal.com\/wp-content\/uploads\/2024\/06\/Tomar-aquaduct-400x300.jpg 400w, https:\/\/casadaniportugal.com\/wp-content\/uploads\/2024\/06\/Tomar-aquaduct-600x450.jpg 600w, https:\/\/casadaniportugal.com\/wp-content\/uploads\/2024\/06\/Tomar-aquaduct-800x600.jpg 800w, https:\/\/casadaniportugal.com\/wp-content\/uploads\/2024\/06\/Tomar-aquaduct-1200x900.jpg 1200w, https:\/\/casadaniportugal.com\/wp-content\/uploads\/2024\/06\/Tomar-aquaduct.jpg 1632w\" data-sizes=\"auto\" data-orig-sizes=\"(max-width: 1024px) 100vw, (max-width: 640px) 100vw, 600px\" \/><\/span><\/div><\/div><\/div><div class=\"fusion-layout-column fusion_builder_column fusion-builder-column-5 fusion_builder_column_1_2 1_2 fusion-flex-column\" style=\"--awb-bg-size:cover;--awb-width-large:50%;--awb-margin-top-large:0px;--awb-spacing-right-large:3.84%;--awb-margin-bottom-large:0px;--awb-spacing-left-large:3.84%;--awb-width-medium:100%;--awb-order-medium:0;--awb-spacing-right-medium:1.92%;--awb-spacing-left-medium:1.92%;--awb-width-small:100%;--awb-order-small:0;--awb-spacing-right-small:1.92%;--awb-spacing-left-small:1.92%;\"><div class=\"fusion-column-wrapper fusion-column-has-shadow fusion-flex-justify-content-flex-start fusion-content-layout-column\"><div class=\"fusion-text fusion-text-5\"><p>Nas imedia\u00e7\u00f5es de Tomar, n\u00e3o podes deixar de visitar o Aqueduto; esta impressionante obra arquitet\u00f3nica do s\u00e9culo XVII \u00e9 um verdadeiro destaque que n\u00e3o \u00e9 t\u00e3o popular como devia ser. Para teres a melhor vista, podes caminhar pelo topo do aqueduto, a 30 metros de altura, e j\u00e1 dar uma olhadela na tua pr\u00f3xima atividade. Na zona, h\u00e1 imensos trilhos para caminhadas, locais para piqueniques, praias fluviais e parques naturais. N\u00e3o te fartas de Portugal, mas j\u00e1 sabes todas as ruelas de Tomar de cor? Ent\u00e3o visita tamb\u00e9m um dos outros locais famosos nas proximidades, como F\u00e1tima, \u00d3bidos ou as praias da Nazar\u00e9. Ou passa um dia a fazer compras em Leiria, se o tempo n\u00e3o estiver muito bom. Todos estes locais ficam a menos de uma hora de Tomar.      <\/p>\n<\/div><\/div><\/div><\/div><\/div><div class=\"fusion-fullwidth fullwidth-box fusion-builder-row-5 fusion-flex-container has-pattern-background has-mask-background hundred-percent-fullwidth non-hundred-percent-height-scrolling\" style=\"--awb-border-radius-top-left:0px;--awb-border-radius-top-right:0px;--awb-border-radius-bottom-right:0px;--awb-border-radius-bottom-left:0px;--awb-margin-top:15px;--awb-flex-wrap:wrap;\" ><div class=\"fusion-builder-row fusion-row fusion-flex-align-items-flex-start fusion-flex-content-wrap\" style=\"width:104% !important;max-width:104% !important;margin-left: calc(-4% \/ 2 );margin-right: calc(-4% \/ 2 );\"><div class=\"fusion-layout-column fusion_builder_column fusion-builder-column-6 fusion_builder_column_1_1 1_1 fusion-flex-column\" style=\"--awb-bg-size:cover;--awb-width-large:100%;--awb-margin-top-large:0px;--awb-spacing-right-large:1.92%;--awb-margin-bottom-large:0px;--awb-spacing-left-large:1.92%;--awb-width-medium:100%;--awb-order-medium:0;--awb-spacing-right-medium:1.92%;--awb-spacing-left-medium:1.92%;--awb-width-small:100%;--awb-order-small:0;--awb-spacing-right-small:1.92%;--awb-spacing-left-small:1.92%;\"><div class=\"fusion-column-wrapper fusion-column-has-shadow fusion-flex-justify-content-flex-start fusion-content-layout-column\"><div class=\"fusion-title title fusion-title-1 fusion-title-center fusion-title-text fusion-title-size-two\" style=\"--awb-margin-top-small:0px;--awb-margin-right-small:0px;--awb-margin-bottom-small:20px;--awb-margin-left-small:0px;\"><div class=\"title-sep-container title-sep-container-left\"><div class=\"title-sep sep-single sep-dashed\" style=\"border-color:var(--awb-color3);\"><\/div><\/div><span class=\"awb-title-spacer\"><\/span><h2 class=\"fusion-title-heading title-heading-center\" style=\"margin:0;\">Galeria de fotos dos arredores de Tomar, na Casa Dani<\/h2><span class=\"awb-title-spacer\"><\/span><div class=\"title-sep-container title-sep-container-right\"><div class=\"title-sep sep-single sep-dashed\" style=\"border-color:var(--awb-color3);\"><\/div><\/div><\/div><\/div><\/div><\/div><\/div><div class=\"fusion-fullwidth fullwidth-box fusion-builder-row-6 fusion-flex-container has-pattern-background has-mask-background hundred-percent-fullwidth non-hundred-percent-height-scrolling\" style=\"--awb-border-radius-top-left:0px;--awb-border-radius-top-right:0px;--awb-border-radius-bottom-right:0px;--awb-border-radius-bottom-left:0px;--awb-flex-wrap:wrap;\" ><div class=\"fusion-builder-row fusion-row fusion-flex-align-items-flex-start fusion-flex-content-wrap\" style=\"width:104% !important;max-width:104% !important;margin-left: calc(-4% \/ 2 );margin-right: calc(-4% \/ 2 );\"><div class=\"fusion-layout-column fusion_builder_column fusion-builder-column-7 fusion_builder_column_1_1 1_1 fusion-flex-column\" style=\"--awb-bg-size:cover;--awb-width-large:100%;--awb-margin-top-large:0px;--awb-spacing-right-large:1.92%;--awb-margin-bottom-large:0px;--awb-spacing-left-large:1.92%;--awb-width-medium:100%;--awb-order-medium:0;--awb-spacing-right-medium:1.92%;--awb-spacing-left-medium:1.92%;--awb-width-small:100%;--awb-order-small:0;--awb-spacing-right-small:1.92%;--awb-spacing-left-small:1.92%;\"><div class=\"fusion-column-wrapper fusion-column-has-shadow fusion-flex-justify-content-flex-start fusion-content-layout-column\"><div class=\"awb-gallery-wrapper awb-gallery-wrapper-1 button-span-no\" style=\"--more-btn-alignment:center;\" data-limit=\"10\" data-page=\"1\"><div style=\"margin:-5px;--awb-bordersize:0px;\" class=\"fusion-gallery fusion-gallery-container fusion-grid-3 fusion-columns-total-15 fusion-gallery-layout-grid fusion-gallery-1\"><div style=\"padding:5px;\" class=\"fusion-grid-column fusion-gallery-column fusion-gallery-column-3 hover-type-none\"><div class=\"fusion-gallery-image\"><a href=\"https:\/\/casadaniportugal.com\/wp-content\/uploads\/2025\/10\/20251020_0839252-1.jpg\" rel=\"noreferrer\" data-rel=\"iLightbox[gallery_image_1]\" class=\"fusion-lightbox\" target=\"_self\"><img decoding=\"async\" src=\"https:\/\/casadaniportugal.com\/wp-content\/uploads\/2025\/10\/20251020_0839252-1.jpg\" data-orig-src=\"https:\/\/casadaniportugal.com\/wp-content\/uploads\/2025\/10\/20251020_0839252-1.jpg\" width=\"1187\" height=\"890\" alt=\"\" title=\"20251020_083925~2 (1)\" aria-label=\"20251020_083925~2 (1)\" class=\"lazyload img-responsive wp-image-2259\" srcset=\"data:image\/svg+xml,%3Csvg%20xmlns%3D%27http%3A%2F%2Fwww.w3.org%2F2000%2Fsvg%27%20width%3D%271187%27%20height%3D%27890%27%20viewBox%3D%270%200%201187%20890%27%3E%3Crect%20width%3D%271187%27%20height%3D%27890%27%20fill-opacity%3D%220%22%2F%3E%3C%2Fsvg%3E\" data-srcset=\"https:\/\/casadaniportugal.com\/wp-content\/uploads\/2025\/10\/20251020_0839252-1-200x150.jpg 200w, https:\/\/casadaniportugal.com\/wp-content\/uploads\/2025\/10\/20251020_0839252-1-400x300.jpg 400w, https:\/\/casadaniportugal.com\/wp-content\/uploads\/2025\/10\/20251020_0839252-1-600x450.jpg 600w, https:\/\/casadaniportugal.com\/wp-content\/uploads\/2025\/10\/20251020_0839252-1-800x600.jpg 800w, https:\/\/casadaniportugal.com\/wp-content\/uploads\/2025\/10\/20251020_0839252-1.jpg 1187w\" data-sizes=\"auto\" data-orig-sizes=\"(min-width: 2200px) 100vw, (min-width: 784px) 387px, (min-width: 712px) 580px, (min-width: 640px) 712px, \" data-orig-><\/a><\/div><\/div><div style=\"padding:5px;\" class=\"fusion-grid-column fusion-gallery-column fusion-gallery-column-3 hover-type-none\"><div class=\"fusion-gallery-image\"><a href=\"https:\/\/casadaniportugal.com\/wp-content\/uploads\/2024\/07\/Tomar-omgeving-Casa-Dani-31.jpg\" rel=\"noreferrer\" data-rel=\"iLightbox[gallery_image_1]\" class=\"fusion-lightbox\" target=\"_self\"><img decoding=\"async\" src=\"https:\/\/casadaniportugal.com\/wp-content\/uploads\/2024\/07\/Tomar-omgeving-Casa-Dani-31.jpg\" data-orig-src=\"https:\/\/casadaniportugal.com\/wp-content\/uploads\/2024\/07\/Tomar-omgeving-Casa-Dani-31.jpg\" width=\"1224\" height=\"918\" alt=\"Omar, nas proximidades da Casa Dani\" title=\"Arredores de Tomar, Casa Dani 31\" aria-label=\"Arredores de Tomar, Casa Dani 31\" class=\"lazyload img-responsive wp-image-2260\" srcset=\"data:image\/svg+xml,%3Csvg%20xmlns%3D%27http%3A%2F%2Fwww.w3.org%2F2000%2Fsvg%27%20width%3D%271224%27%20height%3D%27918%27%20viewBox%3D%270%200%201224%20918%27%3E%3Crect%20width%3D%271224%27%20height%3D%27918%27%20fill-opacity%3D%220%22%2F%3E%3C%2Fsvg%3E\" data-srcset=\"https:\/\/casadaniportugal.com\/wp-content\/uploads\/2024\/07\/Tomar-omgeving-Casa-Dani-31-200x150.jpg 200w, https:\/\/casadaniportugal.com\/wp-content\/uploads\/2024\/07\/Tomar-omgeving-Casa-Dani-31-400x300.jpg 400w, https:\/\/casadaniportugal.com\/wp-content\/uploads\/2024\/07\/Tomar-omgeving-Casa-Dani-31-600x450.jpg 600w, https:\/\/casadaniportugal.com\/wp-content\/uploads\/2024\/07\/Tomar-omgeving-Casa-Dani-31-800x600.jpg 800w, https:\/\/casadaniportugal.com\/wp-content\/uploads\/2024\/07\/Tomar-omgeving-Casa-Dani-31-1200x900.jpg 1200w, https:\/\/casadaniportugal.com\/wp-content\/uploads\/2024\/07\/Tomar-omgeving-Casa-Dani-31.jpg 1224w\" data-sizes=\"auto\" data-orig-sizes=\"(min-width: 2200px) 100vw, (min-width: 784px) 387px, (min-width: 712px) 580px, (min-width: 640px) 712px, \" \/><\/a><\/div><\/div><div style=\"padding:5px;\" class=\"fusion-grid-column fusion-gallery-column fusion-gallery-column-3 hover-type-none\"><div class=\"fusion-gallery-image\"><a href=\"https:\/\/casadaniportugal.com\/wp-content\/uploads\/2024\/07\/Tomar-omgeving-Casa-Dani-21.jpg\" rel=\"noreferrer\" data-rel=\"iLightbox[gallery_image_1]\" class=\"fusion-lightbox\" target=\"_self\"><img decoding=\"async\" src=\"https:\/\/casadaniportugal.com\/wp-content\/uploads\/2024\/07\/Tomar-omgeving-Casa-Dani-21.jpg\" data-orig-src=\"https:\/\/casadaniportugal.com\/wp-content\/uploads\/2024\/07\/Tomar-omgeving-Casa-Dani-21.jpg\" width=\"1200\" height=\"900\" alt=\"Omar, nas proximidades da Casa Dani\" title=\"Nos arredores de Tomar, Casa Dani 21\" aria-label=\"Nos arredores de Tomar, Casa Dani 21\" class=\"lazyload img-responsive wp-image-2261\" srcset=\"data:image\/svg+xml,%3Csvg%20xmlns%3D%27http%3A%2F%2Fwww.w3.org%2F2000%2Fsvg%27%20width%3D%271200%27%20height%3D%27900%27%20viewBox%3D%270%200%201200%20900%27%3E%3Crect%20width%3D%271200%27%20height%3D%27900%27%20fill-opacity%3D%220%22%2F%3E%3C%2Fsvg%3E\" data-srcset=\"https:\/\/casadaniportugal.com\/wp-content\/uploads\/2024\/07\/Tomar-omgeving-Casa-Dani-21-200x150.jpg 200w, https:\/\/casadaniportugal.com\/wp-content\/uploads\/2024\/07\/Tomar-omgeving-Casa-Dani-21-400x300.jpg 400w, https:\/\/casadaniportugal.com\/wp-content\/uploads\/2024\/07\/Tomar-omgeving-Casa-Dani-21-600x450.jpg 600w, https:\/\/casadaniportugal.com\/wp-content\/uploads\/2024\/07\/Tomar-omgeving-Casa-Dani-21-800x600.jpg 800w, https:\/\/casadaniportugal.com\/wp-content\/uploads\/2024\/07\/Tomar-omgeving-Casa-Dani-21.jpg 1200w\" data-sizes=\"auto\" data-orig-sizes=\"(min-width: 2200px) 100vw, (min-width: 784px) 387px, (min-width: 712px) 580px, (min-width: 640px) 712px, \" \/><\/a><\/div><\/div><div class=\"clearfix\"><\/div><div style=\"padding:5px;\" class=\"fusion-grid-column fusion-gallery-column fusion-gallery-column-3 hover-type-none\"><div class=\"fusion-gallery-image\"><a href=\"https:\/\/casadaniportugal.com\/wp-content\/uploads\/2024\/07\/Tomar-omgeving-Casa-Dani-11.jpg\" rel=\"noreferrer\" data-rel=\"iLightbox[gallery_image_1]\" class=\"fusion-lightbox\" target=\"_self\"><img decoding=\"async\" src=\"https:\/\/casadaniportugal.com\/wp-content\/uploads\/2024\/07\/Tomar-omgeving-Casa-Dani-11.jpg\" data-orig-src=\"https:\/\/casadaniportugal.com\/wp-content\/uploads\/2024\/07\/Tomar-omgeving-Casa-Dani-11.jpg\" width=\"324\" height=\"182\" alt=\"Omar, nas proximidades da Casa Dani\" title=\"Nos arredores de Tomar, na Casa Dani 11\" aria-label=\"Nos arredores de Tomar, na Casa Dani 11\" class=\"lazyload img-responsive wp-image-2262\" srcset=\"data:image\/svg+xml,%3Csvg%20xmlns%3D%27http%3A%2F%2Fwww.w3.org%2F2000%2Fsvg%27%20width%3D%27324%27%20height%3D%27182%27%20viewBox%3D%270%200%20324%20182%27%3E%3Crect%20width%3D%27324%27%20height%3D%27182%27%20fill-opacity%3D%220%22%2F%3E%3C%2Fsvg%3E\" data-srcset=\"https:\/\/casadaniportugal.com\/wp-content\/uploads\/2024\/07\/Tomar-omgeving-Casa-Dani-11-200x112.jpg 200w, https:\/\/casadaniportugal.com\/wp-content\/uploads\/2024\/07\/Tomar-omgeving-Casa-Dani-11.jpg 324w\" data-sizes=\"auto\" data-orig-sizes=\"(min-width: 2200px) 100vw, (min-width: 784px) 387px, (min-width: 712px) 580px, (min-width: 640px) 712px, \" \/><\/a><\/div><\/div><div style=\"padding:5px;\" class=\"fusion-grid-column fusion-gallery-column fusion-gallery-column-3 hover-type-none\"><div class=\"fusion-gallery-image\"><a href=\"https:\/\/casadaniportugal.com\/wp-content\/uploads\/2024\/07\/Tomar-omgeving-Casa-Dani-91.jpg\" rel=\"noreferrer\" data-rel=\"iLightbox[gallery_image_1]\" class=\"fusion-lightbox\" target=\"_self\"><img decoding=\"async\" src=\"https:\/\/casadaniportugal.com\/wp-content\/uploads\/2024\/07\/Tomar-omgeving-Casa-Dani-91.jpg\" data-orig-src=\"https:\/\/casadaniportugal.com\/wp-content\/uploads\/2024\/07\/Tomar-omgeving-Casa-Dani-91.jpg\" width=\"1224\" height=\"918\" alt=\"Omar, nas proximidades da Casa Dani\" title=\"Arredores de Tomar, Casa Dani 91\" aria-label=\"Arredores de Tomar, Casa Dani 91\" class=\"lazyload img-responsive wp-image-2263\" srcset=\"data:image\/svg+xml,%3Csvg%20xmlns%3D%27http%3A%2F%2Fwww.w3.org%2F2000%2Fsvg%27%20width%3D%271224%27%20height%3D%27918%27%20viewBox%3D%270%200%201224%20918%27%3E%3Crect%20width%3D%271224%27%20height%3D%27918%27%20fill-opacity%3D%220%22%2F%3E%3C%2Fsvg%3E\" data-srcset=\"https:\/\/casadaniportugal.com\/wp-content\/uploads\/2024\/07\/Tomar-omgeving-Casa-Dani-91-200x150.jpg 200w, https:\/\/casadaniportugal.com\/wp-content\/uploads\/2024\/07\/Tomar-omgeving-Casa-Dani-91-400x300.jpg 400w, https:\/\/casadaniportugal.com\/wp-content\/uploads\/2024\/07\/Tomar-omgeving-Casa-Dani-91-600x450.jpg 600w, https:\/\/casadaniportugal.com\/wp-content\/uploads\/2024\/07\/Tomar-omgeving-Casa-Dani-91-800x600.jpg 800w, https:\/\/casadaniportugal.com\/wp-content\/uploads\/2024\/07\/Tomar-omgeving-Casa-Dani-91-1200x900.jpg 1200w, https:\/\/casadaniportugal.com\/wp-content\/uploads\/2024\/07\/Tomar-omgeving-Casa-Dani-91.jpg 1224w\" data-sizes=\"auto\" data-orig-sizes=\"(min-width: 2200px) 100vw, (min-width: 784px) 387px, (min-width: 712px) 580px, (min-width: 640px) 712px, \" \/><\/a><\/div><\/div><div style=\"padding:5px;\" class=\"fusion-grid-column fusion-gallery-column fusion-gallery-column-3 hover-type-none\"><div class=\"fusion-gallery-image\"><a href=\"https:\/\/casadaniportugal.com\/wp-content\/uploads\/2024\/07\/Tomar-omgeving-Casa-Dani-81.jpg\" rel=\"noreferrer\" data-rel=\"iLightbox[gallery_image_1]\" class=\"fusion-lightbox\" target=\"_self\"><img decoding=\"async\" src=\"https:\/\/casadaniportugal.com\/wp-content\/uploads\/2024\/07\/Tomar-omgeving-Casa-Dani-81.jpg\" data-orig-src=\"https:\/\/casadaniportugal.com\/wp-content\/uploads\/2024\/07\/Tomar-omgeving-Casa-Dani-81.jpg\" width=\"1224\" height=\"918\" alt=\"Omar, nas proximidades da Casa Dani\" title=\"Arredores de Tomar, Casa Dani 81\" aria-label=\"Arredores de Tomar, Casa Dani 81\" class=\"lazyload img-responsive wp-image-2264\" srcset=\"data:image\/svg+xml,%3Csvg%20xmlns%3D%27http%3A%2F%2Fwww.w3.org%2F2000%2Fsvg%27%20width%3D%271224%27%20height%3D%27918%27%20viewBox%3D%270%200%201224%20918%27%3E%3Crect%20width%3D%271224%27%20height%3D%27918%27%20fill-opacity%3D%220%22%2F%3E%3C%2Fsvg%3E\" data-srcset=\"https:\/\/casadaniportugal.com\/wp-content\/uploads\/2024\/07\/Tomar-omgeving-Casa-Dani-81-200x150.jpg 200w, https:\/\/casadaniportugal.com\/wp-content\/uploads\/2024\/07\/Tomar-omgeving-Casa-Dani-81-400x300.jpg 400w, https:\/\/casadaniportugal.com\/wp-content\/uploads\/2024\/07\/Tomar-omgeving-Casa-Dani-81-600x450.jpg 600w, https:\/\/casadaniportugal.com\/wp-content\/uploads\/2024\/07\/Tomar-omgeving-Casa-Dani-81-800x600.jpg 800w, https:\/\/casadaniportugal.com\/wp-content\/uploads\/2024\/07\/Tomar-omgeving-Casa-Dani-81-1200x900.jpg 1200w, https:\/\/casadaniportugal.com\/wp-content\/uploads\/2024\/07\/Tomar-omgeving-Casa-Dani-81.jpg 1224w\" data-sizes=\"auto\" data-orig-sizes=\"(min-width: 2200px) 100vw, (min-width: 784px) 387px, (min-width: 712px) 580px, (min-width: 640px) 712px, \" \/><\/a><\/div><\/div><div class=\"clearfix\"><\/div><div style=\"padding:5px;\" class=\"fusion-grid-column fusion-gallery-column fusion-gallery-column-3 hover-type-none\"><div class=\"fusion-gallery-image\"><a href=\"https:\/\/casadaniportugal.com\/wp-content\/uploads\/2024\/07\/Tomar-omgeving-Casa-Dani-71.jpg\" rel=\"noreferrer\" data-rel=\"iLightbox[gallery_image_1]\" class=\"fusion-lightbox\" target=\"_self\"><img decoding=\"async\" src=\"https:\/\/casadaniportugal.com\/wp-content\/uploads\/2024\/07\/Tomar-omgeving-Casa-Dani-71.jpg\" data-orig-src=\"https:\/\/casadaniportugal.com\/wp-content\/uploads\/2024\/07\/Tomar-omgeving-Casa-Dani-71.jpg\" width=\"1200\" height=\"900\" alt=\"Omar, nas proximidades da Casa Dani\" title=\"Arredores de Tomar, Casa Dani 71\" aria-label=\"Arredores de Tomar, Casa Dani 71\" class=\"lazyload img-responsive wp-image-2265\" srcset=\"data:image\/svg+xml,%3Csvg%20xmlns%3D%27http%3A%2F%2Fwww.w3.org%2F2000%2Fsvg%27%20width%3D%271200%27%20height%3D%27900%27%20viewBox%3D%270%200%201200%20900%27%3E%3Crect%20width%3D%271200%27%20height%3D%27900%27%20fill-opacity%3D%220%22%2F%3E%3C%2Fsvg%3E\" data-srcset=\"https:\/\/casadaniportugal.com\/wp-content\/uploads\/2024\/07\/Tomar-omgeving-Casa-Dani-71-200x150.jpg 200w, https:\/\/casadaniportugal.com\/wp-content\/uploads\/2024\/07\/Tomar-omgeving-Casa-Dani-71-400x300.jpg 400w, https:\/\/casadaniportugal.com\/wp-content\/uploads\/2024\/07\/Tomar-omgeving-Casa-Dani-71-600x450.jpg 600w, https:\/\/casadaniportugal.com\/wp-content\/uploads\/2024\/07\/Tomar-omgeving-Casa-Dani-71-800x600.jpg 800w, https:\/\/casadaniportugal.com\/wp-content\/uploads\/2024\/07\/Tomar-omgeving-Casa-Dani-71.jpg 1200w\" data-sizes=\"auto\" data-orig-sizes=\"(min-width: 2200px) 100vw, (min-width: 784px) 387px, (min-width: 712px) 580px, (min-width: 640px) 712px, \" \/><\/a><\/div><\/div><div style=\"padding:5px;\" class=\"fusion-grid-column fusion-gallery-column fusion-gallery-column-3 hover-type-none\"><div class=\"fusion-gallery-image\"><a href=\"https:\/\/casadaniportugal.com\/wp-content\/uploads\/2024\/07\/Tomar-omgeving-Casa-Dani-61.jpg\" rel=\"noreferrer\" data-rel=\"iLightbox[gallery_image_1]\" class=\"fusion-lightbox\" target=\"_self\"><img decoding=\"async\" src=\"https:\/\/casadaniportugal.com\/wp-content\/uploads\/2024\/07\/Tomar-omgeving-Casa-Dani-61.jpg\" data-orig-src=\"https:\/\/casadaniportugal.com\/wp-content\/uploads\/2024\/07\/Tomar-omgeving-Casa-Dani-61.jpg\" width=\"1224\" height=\"918\" alt=\"Omar, nas proximidades da Casa Dani\" title=\"Nos arredores de Tomar, Casa Dani 61\" aria-label=\"Nos arredores de Tomar, Casa Dani 61\" class=\"lazyload img-responsive wp-image-2266\" srcset=\"data:image\/svg+xml,%3Csvg%20xmlns%3D%27http%3A%2F%2Fwww.w3.org%2F2000%2Fsvg%27%20width%3D%271224%27%20height%3D%27918%27%20viewBox%3D%270%200%201224%20918%27%3E%3Crect%20width%3D%271224%27%20height%3D%27918%27%20fill-opacity%3D%220%22%2F%3E%3C%2Fsvg%3E\" data-srcset=\"https:\/\/casadaniportugal.com\/wp-content\/uploads\/2024\/07\/Tomar-omgeving-Casa-Dani-61-200x150.jpg 200w, https:\/\/casadaniportugal.com\/wp-content\/uploads\/2024\/07\/Tomar-omgeving-Casa-Dani-61-400x300.jpg 400w, https:\/\/casadaniportugal.com\/wp-content\/uploads\/2024\/07\/Tomar-omgeving-Casa-Dani-61-600x450.jpg 600w, https:\/\/casadaniportugal.com\/wp-content\/uploads\/2024\/07\/Tomar-omgeving-Casa-Dani-61-800x600.jpg 800w, https:\/\/casadaniportugal.com\/wp-content\/uploads\/2024\/07\/Tomar-omgeving-Casa-Dani-61-1200x900.jpg 1200w, https:\/\/casadaniportugal.com\/wp-content\/uploads\/2024\/07\/Tomar-omgeving-Casa-Dani-61.jpg 1224w\" data-sizes=\"auto\" data-orig-sizes=\"(min-width: 2200px) 100vw, (min-width: 784px) 387px, (min-width: 712px) 580px, (min-width: 640px) 712px, \" \/><\/a><\/div><\/div><div style=\"padding:5px;\" class=\"fusion-grid-column fusion-gallery-column fusion-gallery-column-3 hover-type-none\"><div class=\"fusion-gallery-image\"><a href=\"https:\/\/casadaniportugal.com\/wp-content\/uploads\/2025\/10\/FB_IMG_1750928635191.jpg\" rel=\"noreferrer\" data-rel=\"iLightbox[gallery_image_1]\" class=\"fusion-lightbox\" target=\"_self\"><img decoding=\"async\" src=\"https:\/\/casadaniportugal.com\/wp-content\/uploads\/2025\/10\/FB_IMG_1750928635191.jpg\" data-orig-src=\"https:\/\/casadaniportugal.com\/wp-content\/uploads\/2025\/10\/FB_IMG_1750928635191.jpg\" width=\"1080\" height=\"795\" alt=\"\" title=\"FB_IMG_1750928635191\" aria-label=\"FB_IMG_1750928635191\" class=\"lazyload img-responsive wp-image-2267\" srcset=\"data:image\/svg+xml,%3Csvg%20xmlns%3D%27http%3A%2F%2Fwww.w3.org%2F2000%2Fsvg%27%20width%3D%271080%27%20height%3D%27795%27%20viewBox%3D%270%200%201080%20795%27%3E%3Crect%20width%3D%271080%27%20height%3D%27795%27%20fill-opacity%3D%220%22%2F%3E%3C%2Fsvg%3E\" data-srcset=\"https:\/\/casadaniportugal.com\/wp-content\/uploads\/2025\/10\/FB_IMG_1750928635191-200x147.jpg 200w, https:\/\/casadaniportugal.com\/wp-content\/uploads\/2025\/10\/FB_IMG_1750928635191-400x294.jpg 400w, https:\/\/casadaniportugal.com\/wp-content\/uploads\/2025\/10\/FB_IMG_1750928635191-600x442.jpg 600w, https:\/\/casadaniportugal.com\/wp-content\/uploads\/2025\/10\/FB_IMG_1750928635191-800x589.jpg 800w, https:\/\/casadaniportugal.com\/wp-content\/uploads\/2025\/10\/FB_IMG_1750928635191.jpg 1080w\" data-sizes=\"auto\" data-orig-sizes=\"(min-width: 2200px) 100vw, (min-width: 784px) 387px, (min-width: 712px) 580px, (min-width: 640px) 712px, \" data-orig-><\/a><\/div><\/div><div class=\"clearfix\"><\/div><div style=\"padding:5px;\" class=\"fusion-grid-column fusion-gallery-column fusion-gallery-column-3 hover-type-none\"><div class=\"fusion-gallery-image\"><a href=\"https:\/\/casadaniportugal.com\/wp-content\/uploads\/2025\/10\/20250704_161007.jpg\" rel=\"noreferrer\" data-rel=\"iLightbox[gallery_image_1]\" class=\"fusion-lightbox\" target=\"_self\"><img decoding=\"async\" src=\"https:\/\/casadaniportugal.com\/wp-content\/uploads\/2025\/10\/20250704_161007.jpg\" data-orig-src=\"https:\/\/casadaniportugal.com\/wp-content\/uploads\/2025\/10\/20250704_161007.jpg\" width=\"1187\" height=\"890\" alt=\"\" title=\"20250704_161007\" aria-label=\"20250704_161007\" class=\"lazyload img-responsive wp-image-2268\" srcset=\"data:image\/svg+xml,%3Csvg%20xmlns%3D%27http%3A%2F%2Fwww.w3.org%2F2000%2Fsvg%27%20width%3D%271187%27%20height%3D%27890%27%20viewBox%3D%270%200%201187%20890%27%3E%3Crect%20width%3D%271187%27%20height%3D%27890%27%20fill-opacity%3D%220%22%2F%3E%3C%2Fsvg%3E\" data-srcset=\"https:\/\/casadaniportugal.com\/wp-content\/uploads\/2025\/10\/20250704_161007-200x150.jpg 200w, https:\/\/casadaniportugal.com\/wp-content\/uploads\/2025\/10\/20250704_161007-400x300.jpg 400w, https:\/\/casadaniportugal.com\/wp-content\/uploads\/2025\/10\/20250704_161007-600x450.jpg 600w, https:\/\/casadaniportugal.com\/wp-content\/uploads\/2025\/10\/20250704_161007-800x600.jpg 800w, https:\/\/casadaniportugal.com\/wp-content\/uploads\/2025\/10\/20250704_161007.jpg 1187w\" data-sizes=\"auto\" data-orig-sizes=\"(min-width: 2200px) 100vw, (min-width: 784px) 387px, (min-width: 712px) 580px, (min-width: 640px) 712px, \" data-orig-><\/a><\/div><\/div><div style=\"padding:5px;\" class=\"fusion-grid-column fusion-gallery-column fusion-gallery-column-3 hover-type-none awb-gallery-item-hidden\"><div class=\"fusion-gallery-image\"><a rel=\"noreferrer\" data-rel=\"iLightbox[gallery_image_1]\" class=\"fusion-lightbox\" target=\"_self\"><img decoding=\"async\" src=\"data:image\/gif;base64,R0lGODlhAQABAAAAACH5BAEKAAEALAAAAAABAAEAAAICTAEAOw==\" data-orig-src=\"\" width=\"\" height=\"\" alt=\"\" title=\"\" aria-label=\"\" class=\"lazyload img-responsive wp-image-\"><\/a><\/div><\/div><div style=\"padding:5px;\" class=\"fusion-grid-column fusion-gallery-column fusion-gallery-column-3 hover-type-none awb-gallery-item-hidden\"><div class=\"fusion-gallery-image\"><a href=\"https:\/\/casadaniportugal.com\/wp-content\/uploads\/2025\/10\/20240803_185234.jpg\" rel=\"noreferrer\" data-rel=\"iLightbox[gallery_image_1]\" class=\"fusion-lightbox\" target=\"_self\"><img decoding=\"async\" src=\"https:\/\/casadaniportugal.com\/wp-content\/uploads\/2025\/10\/20240803_185234.jpg\" data-orig-src=\"https:\/\/casadaniportugal.com\/wp-content\/uploads\/2025\/10\/20240803_185234.jpg\" width=\"1187\" height=\"890\" alt=\"\" title=\"20240803_185234\" aria-label=\"20240803_185234\" class=\"lazyload img-responsive wp-image-2269\" srcset=\"data:image\/svg+xml,%3Csvg%20xmlns%3D%27http%3A%2F%2Fwww.w3.org%2F2000%2Fsvg%27%20width%3D%271187%27%20height%3D%27890%27%20viewBox%3D%270%200%201187%20890%27%3E%3Crect%20width%3D%271187%27%20height%3D%27890%27%20fill-opacity%3D%220%22%2F%3E%3C%2Fsvg%3E\" data-srcset=\"https:\/\/casadaniportugal.com\/wp-content\/uploads\/2025\/10\/20240803_185234-200x150.jpg 200w, https:\/\/casadaniportugal.com\/wp-content\/uploads\/2025\/10\/20240803_185234-400x300.jpg 400w, https:\/\/casadaniportugal.com\/wp-content\/uploads\/2025\/10\/20240803_185234-600x450.jpg 600w, https:\/\/casadaniportugal.com\/wp-content\/uploads\/2025\/10\/20240803_185234-800x600.jpg 800w, https:\/\/casadaniportugal.com\/wp-content\/uploads\/2025\/10\/20240803_185234.jpg 1187w\" data-sizes=\"auto\" data-orig-sizes=\"(min-width: 2200px) 100vw, (min-width: 784px) 387px, (min-width: 712px) 580px, (min-width: 640px) 712px, \" data-orig-><\/a><\/div><\/div><div class=\"clearfix\"><\/div><div style=\"padding:5px;\" class=\"fusion-grid-column fusion-gallery-column fusion-gallery-column-3 hover-type-none awb-gallery-item-hidden\"><div class=\"fusion-gallery-image\"><a rel=\"noreferrer\" data-rel=\"iLightbox[gallery_image_1]\" class=\"fusion-lightbox\" target=\"_self\"><img decoding=\"async\" src=\"data:image\/gif;base64,R0lGODlhAQABAAAAACH5BAEKAAEALAAAAAABAAEAAAICTAEAOw==\" data-orig-src=\"\" width=\"\" height=\"\" alt=\"\" title=\"\" aria-label=\"\" class=\"lazyload img-responsive wp-image-\"><\/a><\/div><\/div><div style=\"padding:5px;\" class=\"fusion-grid-column fusion-gallery-column fusion-gallery-column-3 hover-type-none awb-gallery-item-hidden\"><div class=\"fusion-gallery-image\"><a rel=\"noreferrer\" data-rel=\"iLightbox[gallery_image_1]\" class=\"fusion-lightbox\" target=\"_self\"><img decoding=\"async\" src=\"data:image\/gif;base64,R0lGODlhAQABAAAAACH5BAEKAAEALAAAAAABAAEAAAICTAEAOw==\" data-orig-src=\"\" width=\"\" height=\"\" alt=\"\" title=\"\" aria-label=\"\" class=\"lazyload img-responsive wp-image-\"><\/a><\/div><\/div><div style=\"padding:5px;\" class=\"fusion-grid-column fusion-gallery-column fusion-gallery-column-3 hover-type-none awb-gallery-item-hidden\"><div class=\"fusion-gallery-image\"><a rel=\"noreferrer\" data-rel=\"iLightbox[gallery_image_1]\" class=\"fusion-lightbox\" target=\"_self\"><img decoding=\"async\" src=\"data:image\/gif;base64,R0lGODlhAQABAAAAACH5BAEKAAEALAAAAAABAAEAAAICTAEAOw==\" data-orig-src=\"\" width=\"\" height=\"\" alt=\"\" title=\"\" aria-label=\"\" class=\"lazyload img-responsive wp-image-\"><\/a><\/div><\/div><div class=\"clearfix\"><\/div><\/div><div class=\"fusion-loading-container fusion-clearfix awb-gallery-posts-loading-container\">\n\t\t\t\t<div class=\"fusion-loading-spinner\">\n\t\t\t\t\t<div class=\"fusion-spinner-1\"><\/div>\n\t\t\t\t\t<div class=\"fusion-spinner-2\"><\/div>\n\t\t\t\t\t<div class=\"fusion-spinner-3\"><\/div>\n\t\t\t\t<\/div><div class=\"fusion-loading-msg\"><em>Loading the next set of gallery items...<\/em><\/div><\/div><div class=\"awb-gallery-buttons\"><a href=\"#\" class=\"fusion-button button-flat button-default fusion-button-default-size awb-gallery-load-more-btn\">Ver mais.....<\/a><\/div><\/div><\/div><\/div><\/div><\/div><\/p>\n","protected":false},"excerpt":{"rendered":"","protected":false},"author":1,"featured_media":0,"parent":0,"menu_order":0,"comment_status":"closed","ping_status":"closed","template":"100-width.php","meta":{"footnotes":""},"class_list":["post-2273","page","type-page","status-publish","hentry"],"_links":{"self":[{"href":"https:\/\/casadaniportugal.com\/pt-pt\/wp-json\/wp\/v2\/pages\/2273","targetHints":{"allow":["GET"]}}],"collection":[{"href":"https:\/\/casadaniportugal.com\/pt-pt\/wp-json\/wp\/v2\/pages"}],"about":[{"href":"https:\/\/casadaniportugal.com\/pt-pt\/wp-json\/wp\/v2\/types\/page"}],"author":[{"embeddable":true,"href":"https:\/\/casadaniportugal.com\/pt-pt\/wp-json\/wp\/v2\/users\/1"}],"replies":[{"embeddable":true,"href":"https:\/\/casadaniportugal.com\/pt-pt\/wp-json\/wp\/v2\/comments?post=2273"}],"version-history":[{"count":3,"href":"https:\/\/casadaniportugal.com\/pt-pt\/wp-json\/wp\/v2\/pages\/2273\/revisions"}],"predecessor-version":[{"id":2278,"href":"https:\/\/casadaniportugal.com\/pt-pt\/wp-json\/wp\/v2\/pages\/2273\/revisions\/2278"}],"wp:attachment":[{"href":"https:\/\/casadaniportugal.com\/pt-pt\/wp-json\/wp\/v2\/media?parent=2273"}],"curies":[{"name":"wp","href":"https:\/\/api.w.org\/{rel}","templated":true}]}}