{"id":2210,"date":"2024-07-11T15:59:30","date_gmt":"2024-07-11T15:59:30","guid":{"rendered":"https:\/\/casadaniportugal.com\/apartamentos-em-lagos\/"},"modified":"2026-08-04T12:42:57","modified_gmt":"2026-08-04T12:42:57","slug":"apartamentos-em-lagos","status":"publish","type":"page","link":"https:\/\/casadaniportugal.com\/pt-pt\/apartamentos-em-lagos\/","title":{"rendered":"Apartamentos em Lagos"},"content":{"rendered":"<p><div class=\"fusion-fullwidth fullwidth-box fusion-builder-row-1 fusion-flex-container has-pattern-background has-mask-background nonhundred-percent-fullwidth non-hundred-percent-height-scrolling\" style=\"--awb-border-radius-top-left:0px;--awb-border-radius-top-right:0px;--awb-border-radius-bottom-right:0px;--awb-border-radius-bottom-left:0px;--awb-flex-wrap:wrap;\" ><div class=\"fusion-builder-row fusion-row fusion-flex-align-items-flex-start fusion-flex-content-wrap\" style=\"max-width:1216.8px;margin-left: calc(-4% \/ 2 );margin-right: calc(-4% \/ 2 );\"><div class=\"fusion-layout-column fusion_builder_column fusion-builder-column-0 fusion_builder_column_1_1 1_1 fusion-flex-column\" style=\"--awb-bg-size:cover;--awb-width-large:100%;--awb-margin-top-large:0px;--awb-spacing-right-large:1.92%;--awb-margin-bottom-large:0px;--awb-spacing-left-large:1.92%;--awb-width-medium:100%;--awb-order-medium:0;--awb-spacing-right-medium:1.92%;--awb-spacing-left-medium:1.92%;--awb-width-small:100%;--awb-order-small:0;--awb-spacing-right-small:1.92%;--awb-spacing-left-small:1.92%;\"><div class=\"fusion-column-wrapper fusion-column-has-shadow fusion-flex-justify-content-flex-start fusion-content-layout-column\"><div class=\"fusion-title title fusion-title-1 fusion-title-center fusion-title-text fusion-title-size-two\" style=\"--awb-margin-top-small:0px;--awb-margin-right-small:0px;--awb-margin-bottom-small:20px;--awb-margin-left-small:0px;\"><div class=\"title-sep-container title-sep-container-left\"><div class=\"title-sep sep-single sep-dashed\" style=\"border-color:var(--awb-color3);\"><\/div><\/div><span class=\"awb-title-spacer\"><\/span><h2 class=\"fusion-title-heading title-heading-center\" style=\"margin:0;\"><strong><u>Apartamento de luxo no r\u00e9s-do-ch\u00e3o<\/u><\/strong><\/h2><span class=\"awb-title-spacer\"><\/span><div class=\"title-sep-container title-sep-container-right\"><div class=\"title-sep sep-single sep-dashed\" style=\"border-color:var(--awb-color3);\"><\/div><\/div><\/div><\/div><\/div><\/div><\/div><div class=\"fusion-fullwidth fullwidth-box fusion-builder-row-2 fusion-flex-container has-pattern-background has-mask-background nonhundred-percent-fullwidth non-hundred-percent-height-scrolling\" style=\"--awb-border-radius-top-left:0px;--awb-border-radius-top-right:0px;--awb-border-radius-bottom-right:0px;--awb-border-radius-bottom-left:0px;--awb-flex-wrap:wrap;\" ><div class=\"fusion-builder-row fusion-row fusion-flex-align-items-flex-start fusion-flex-content-wrap\" style=\"max-width:1216.8px;margin-left: calc(-4% \/ 2 );margin-right: calc(-4% \/ 2 );\"><div class=\"fusion-layout-column fusion_builder_column fusion-builder-column-1 fusion_builder_column_1_2 1_2 fusion-flex-column\" style=\"--awb-bg-size:cover;--awb-width-large:50%;--awb-margin-top-large:0px;--awb-spacing-right-large:3.84%;--awb-margin-bottom-large:0px;--awb-spacing-left-large:3.84%;--awb-width-medium:100%;--awb-order-medium:0;--awb-spacing-right-medium:1.92%;--awb-spacing-left-medium:1.92%;--awb-width-small:100%;--awb-order-small:0;--awb-spacing-right-small:1.92%;--awb-spacing-left-small:1.92%;\"><div class=\"fusion-column-wrapper fusion-column-has-shadow fusion-flex-justify-content-flex-start fusion-content-layout-column\"><div class=\"fusion-text fusion-text-1\"><p>Este apartamento acolhedor, com uma esplanada para relaxar, tem uma piscina exterior (comum) e fica a uma curta dist\u00e2ncia a p\u00e9 da linda e extensa praia de Meia Praia; o porto de Lagos (5 minutos) e o centro hist\u00f3rico de Lagos ficam a 15 minutos a p\u00e9. \u00c9 f\u00e1cil chegar a v\u00e1rios campos de golfe profissionais a partir daqui.<br \/>\nO apartamento fica num bairro muito tranquilo, perto de supermercados e restaurantes.<\/p>\n<p>A esta\u00e7\u00e3o ferrovi\u00e1ria de Lagos fica a 750 metros de dist\u00e2ncia.<\/p>\n<p>O apartamento tem capacidade para um m\u00e1ximo de 3 pessoas e disp\u00f5e de uma sala de estar espa\u00e7osa, um quarto com uma cama boxspring de luxo, um sof\u00e1-cama confort\u00e1vel, uma casa de banho com duche e uma cozinha pr\u00f3pria totalmente equipada, que inclui, entre outras coisas, uma m\u00e1quina de lavar roupa<\/p>\n<p>\u00c9 poss\u00edvel alugar a longo prazo. De novembro a mar\u00e7o, os pre\u00e7os n\u00e3o incluem a eletricidade. Pergunta quais s\u00e3o as op\u00e7\u00f5es dispon\u00edveis.<\/p>\n<\/div><\/div><\/div><div class=\"fusion-layout-column fusion_builder_column fusion-builder-column-2 fusion_builder_column_1_2 1_2 fusion-flex-column fusion-flex-align-self-center\" style=\"--awb-bg-size:cover;--awb-width-large:50%;--awb-margin-top-large:0px;--awb-spacing-right-large:3.84%;--awb-margin-bottom-large:0px;--awb-spacing-left-large:3.84%;--awb-width-medium:100%;--awb-order-medium:0;--awb-spacing-right-medium:1.92%;--awb-spacing-left-medium:1.92%;--awb-width-small:100%;--awb-order-small:0;--awb-spacing-right-small:1.92%;--awb-spacing-left-small:1.92%;\" data-scroll-devices=\"small-visibility,medium-visibility,large-visibility\"><div class=\"fusion-column-wrapper fusion-column-has-shadow fusion-flex-justify-content-center fusion-content-layout-column\"><div class=\"fusion-image-element\" style=\"--awb-caption-title-font-family:var(--h2_typography-font-family);--awb-caption-title-font-weight:var(--h2_typography-font-weight);--awb-caption-title-font-style:var(--h2_typography-font-style);--awb-caption-title-size:var(--h2_typography-font-size);--awb-caption-title-transform:var(--h2_typography-text-transform);--awb-caption-title-line-height:var(--h2_typography-line-height);--awb-caption-title-letter-spacing:var(--h2_typography-letter-spacing);\"><span class=\" fusion-imageframe imageframe-none imageframe-1 hover-type-none\"><img decoding=\"async\" width=\"1200\" height=\"900\" alt=\"Casa Dani Lagos, aplique no r\u00e9s-do-ch\u00e3o\" title=\"Casa Dani Lagos, apl. r\u00e9s-do-ch\u00e3o (7)\" src=\"https:\/\/casadaniportugal.com\/wp-content\/uploads\/2024\/07\/Casa-Dani-Lagos-app-begane-grond-7.webp\" data-orig-src=\"https:\/\/casadaniportugal.com\/wp-content\/uploads\/2024\/07\/Casa-Dani-Lagos-app-begane-grond-7.webp\" class=\"lazyload img-responsive wp-image-2195\" srcset=\"data:image\/svg+xml,%3Csvg%20xmlns%3D%27http%3A%2F%2Fwww.w3.org%2F2000%2Fsvg%27%20width%3D%271200%27%20height%3D%27900%27%20viewBox%3D%270%200%201200%20900%27%3E%3Crect%20width%3D%271200%27%20height%3D%27900%27%20fill-opacity%3D%220%22%2F%3E%3C%2Fsvg%3E\" data-srcset=\"https:\/\/casadaniportugal.com\/wp-content\/uploads\/2024\/07\/Casa-Dani-Lagos-app-begane-grond-7-200x150.webp 200w, https:\/\/casadaniportugal.com\/wp-content\/uploads\/2024\/07\/Casa-Dani-Lagos-app-begane-grond-7-400x300.webp 400w, https:\/\/casadaniportugal.com\/wp-content\/uploads\/2024\/07\/Casa-Dani-Lagos-app-begane-grond-7-600x450.webp 600w, https:\/\/casadaniportugal.com\/wp-content\/uploads\/2024\/07\/Casa-Dani-Lagos-app-begane-grond-7-800x600.webp 800w, https:\/\/casadaniportugal.com\/wp-content\/uploads\/2024\/07\/Casa-Dani-Lagos-app-begane-grond-7.webp 1200w\" data-sizes=\"auto\" data-orig-sizes=\"(max-width: 1024px) 100vw, (max-width: 640px) 100vw, 600px\" \/><\/span><\/div><\/div><\/div><div class=\"fusion-layout-column fusion_builder_column fusion-builder-column-3 fusion_builder_column_1_1 1_1 fusion-flex-column\" style=\"--awb-bg-size:cover;--awb-width-large:100%;--awb-margin-top-large:0px;--awb-spacing-right-large:1.92%;--awb-margin-bottom-large:0px;--awb-spacing-left-large:1.92%;--awb-width-medium:100%;--awb-order-medium:0;--awb-spacing-right-medium:1.92%;--awb-spacing-left-medium:1.92%;--awb-width-small:100%;--awb-order-small:0;--awb-spacing-right-small:1.92%;--awb-spacing-left-small:1.92%;\"><div class=\"fusion-column-wrapper fusion-column-has-shadow fusion-flex-justify-content-flex-start fusion-content-layout-column\"><div class=\"awb-gallery-wrapper awb-gallery-wrapper-1 button-span-no\" style=\"--more-btn-alignment:center;\" data-limit=\"3\" data-page=\"1\"><div style=\"margin:-5px;--awb-bordersize:2px;\" class=\"fusion-gallery fusion-gallery-container fusion-grid-3 fusion-columns-total-11 fusion-gallery-layout-grid fusion-gallery-1\"><div style=\"padding:5px;\" class=\"fusion-grid-column fusion-gallery-column fusion-gallery-column-3 hover-type-none\"><div class=\"fusion-gallery-image\"><a href=\"https:\/\/casadaniportugal.com\/wp-content\/uploads\/2024\/07\/Casa-Dani-Lagos-app-begane-grond-8.webp\" rel=\"noreferrer\" data-rel=\"iLightbox[gallery_image_1]\" class=\"fusion-lightbox\" target=\"_self\"><img decoding=\"async\" src=\"https:\/\/casadaniportugal.com\/wp-content\/uploads\/2024\/07\/Casa-Dani-Lagos-app-begane-grond-8.webp\" data-orig-src=\"https:\/\/casadaniportugal.com\/wp-content\/uploads\/2024\/07\/Casa-Dani-Lagos-app-begane-grond-8.webp\" width=\"1440\" height=\"954\" alt=\"Casa Dani Lagos, aplique no r\u00e9s-do-ch\u00e3o\" title=\"Casa Dani Lagos, apl. r\u00e9s-do-ch\u00e3o (8)\" aria-label=\"Casa Dani Lagos, apl. r\u00e9s-do-ch\u00e3o (8)\" class=\"lazyload img-responsive wp-image-2197\" srcset=\"data:image\/svg+xml,%3Csvg%20xmlns%3D%27http%3A%2F%2Fwww.w3.org%2F2000%2Fsvg%27%20width%3D%271440%27%20height%3D%27954%27%20viewBox%3D%270%200%201440%20954%27%3E%3Crect%20width%3D%271440%27%20height%3D%27954%27%20fill-opacity%3D%220%22%2F%3E%3C%2Fsvg%3E\" data-srcset=\"https:\/\/casadaniportugal.com\/wp-content\/uploads\/2024\/07\/Casa-Dani-Lagos-app-begane-grond-8-200x133.webp 200w, https:\/\/casadaniportugal.com\/wp-content\/uploads\/2024\/07\/Casa-Dani-Lagos-app-begane-grond-8-400x265.webp 400w, https:\/\/casadaniportugal.com\/wp-content\/uploads\/2024\/07\/Casa-Dani-Lagos-app-begane-grond-8-600x398.webp 600w, https:\/\/casadaniportugal.com\/wp-content\/uploads\/2024\/07\/Casa-Dani-Lagos-app-begane-grond-8-800x530.webp 800w, https:\/\/casadaniportugal.com\/wp-content\/uploads\/2024\/07\/Casa-Dani-Lagos-app-begane-grond-8-1200x795.webp 1200w, https:\/\/casadaniportugal.com\/wp-content\/uploads\/2024\/07\/Casa-Dani-Lagos-app-begane-grond-8.webp 1440w\" data-sizes=\"auto\" data-orig-sizes=\"(min-width: 2200px) 100vw, (min-width: 784px) 387px, (min-width: 712px) 580px, (min-width: 640px) 712px, \" \/><\/a><\/div><\/div><div style=\"padding:5px;\" class=\"fusion-grid-column fusion-gallery-column fusion-gallery-column-3 hover-type-none\"><div class=\"fusion-gallery-image\"><a href=\"https:\/\/casadaniportugal.com\/wp-content\/uploads\/2024\/07\/Casa-Dani-Lagos-app-begane-grond-1.png\" rel=\"noreferrer\" data-rel=\"iLightbox[gallery_image_1]\" class=\"fusion-lightbox\" target=\"_self\"><img decoding=\"async\" src=\"https:\/\/casadaniportugal.com\/wp-content\/uploads\/2024\/07\/Casa-Dani-Lagos-app-begane-grond-1.png\" data-orig-src=\"https:\/\/casadaniportugal.com\/wp-content\/uploads\/2024\/07\/Casa-Dani-Lagos-app-begane-grond-1.png\" width=\"639\" height=\"426\" alt=\"Casa Dani Lagos, aplique no r\u00e9s-do-ch\u00e3o\" title=\"Casa Dani Lagos, apl. r\u00e9s-do-ch\u00e3o (1)\" aria-label=\"Casa Dani Lagos, apl. r\u00e9s-do-ch\u00e3o (1)\" class=\"lazyload img-responsive wp-image-2198\" srcset=\"data:image\/svg+xml,%3Csvg%20xmlns%3D%27http%3A%2F%2Fwww.w3.org%2F2000%2Fsvg%27%20width%3D%27639%27%20height%3D%27426%27%20viewBox%3D%270%200%20639%20426%27%3E%3Crect%20width%3D%27639%27%20height%3D%27426%27%20fill-opacity%3D%220%22%2F%3E%3C%2Fsvg%3E\" data-srcset=\"https:\/\/casadaniportugal.com\/wp-content\/uploads\/2024\/07\/Casa-Dani-Lagos-app-begane-grond-1-200x133.png 200w, https:\/\/casadaniportugal.com\/wp-content\/uploads\/2024\/07\/Casa-Dani-Lagos-app-begane-grond-1-400x267.png 400w, https:\/\/casadaniportugal.com\/wp-content\/uploads\/2024\/07\/Casa-Dani-Lagos-app-begane-grond-1-600x400.png 600w, https:\/\/casadaniportugal.com\/wp-content\/uploads\/2024\/07\/Casa-Dani-Lagos-app-begane-grond-1.png 639w\" data-sizes=\"auto\" data-orig-sizes=\"(min-width: 2200px) 100vw, (min-width: 784px) 387px, (min-width: 712px) 580px, (min-width: 640px) 712px, \" \/><\/a><\/div><\/div><div style=\"padding:5px;\" class=\"fusion-grid-column fusion-gallery-column fusion-gallery-column-3 hover-type-none\"><div class=\"fusion-gallery-image\"><a href=\"https:\/\/casadaniportugal.com\/wp-content\/uploads\/2024\/07\/Casa-Dani-Lagos-app-begane-grond-1.webp\" rel=\"noreferrer\" data-rel=\"iLightbox[gallery_image_1]\" class=\"fusion-lightbox\" target=\"_self\"><img decoding=\"async\" src=\"https:\/\/casadaniportugal.com\/wp-content\/uploads\/2024\/07\/Casa-Dani-Lagos-app-begane-grond-1.webp\" data-orig-src=\"https:\/\/casadaniportugal.com\/wp-content\/uploads\/2024\/07\/Casa-Dani-Lagos-app-begane-grond-1.webp\" width=\"1440\" height=\"954\" alt=\"Casa Dani Lagos, aplique no r\u00e9s-do-ch\u00e3o\" title=\"Casa Dani Lagos, aplique, r\u00e9s-do-ch\u00e3o (1)\" aria-label=\"Casa Dani Lagos, aplique, r\u00e9s-do-ch\u00e3o (1)\" class=\"lazyload img-responsive wp-image-2199\" srcset=\"data:image\/svg+xml,%3Csvg%20xmlns%3D%27http%3A%2F%2Fwww.w3.org%2F2000%2Fsvg%27%20width%3D%271440%27%20height%3D%27954%27%20viewBox%3D%270%200%201440%20954%27%3E%3Crect%20width%3D%271440%27%20height%3D%27954%27%20fill-opacity%3D%220%22%2F%3E%3C%2Fsvg%3E\" data-srcset=\"https:\/\/casadaniportugal.com\/wp-content\/uploads\/2024\/07\/Casa-Dani-Lagos-app-begane-grond-1-200x133.webp 200w, https:\/\/casadaniportugal.com\/wp-content\/uploads\/2024\/07\/Casa-Dani-Lagos-app-begane-grond-1-400x265.webp 400w, https:\/\/casadaniportugal.com\/wp-content\/uploads\/2024\/07\/Casa-Dani-Lagos-app-begane-grond-1-600x398.webp 600w, https:\/\/casadaniportugal.com\/wp-content\/uploads\/2024\/07\/Casa-Dani-Lagos-app-begane-grond-1-800x530.webp 800w, https:\/\/casadaniportugal.com\/wp-content\/uploads\/2024\/07\/Casa-Dani-Lagos-app-begane-grond-1-1200x795.webp 1200w, https:\/\/casadaniportugal.com\/wp-content\/uploads\/2024\/07\/Casa-Dani-Lagos-app-begane-grond-1.webp 1440w\" data-sizes=\"auto\" data-orig-sizes=\"(min-width: 2200px) 100vw, (min-width: 784px) 387px, (min-width: 712px) 580px, (min-width: 640px) 712px, \" \/><\/a><\/div><\/div><div class=\"clearfix\"><\/div><div style=\"padding:5px;\" class=\"fusion-grid-column fusion-gallery-column fusion-gallery-column-3 hover-type-none awb-gallery-item-hidden\"><div class=\"fusion-gallery-image\"><a href=\"https:\/\/casadaniportugal.com\/wp-content\/uploads\/2024\/07\/Casa-Dani-Lagos-app-begane-grond-2.jpg\" rel=\"noreferrer\" data-rel=\"iLightbox[gallery_image_1]\" class=\"fusion-lightbox\" target=\"_self\"><img decoding=\"async\" src=\"https:\/\/casadaniportugal.com\/wp-content\/uploads\/2024\/07\/Casa-Dani-Lagos-app-begane-grond-2.jpg\" data-orig-src=\"https:\/\/casadaniportugal.com\/wp-content\/uploads\/2024\/07\/Casa-Dani-Lagos-app-begane-grond-2.jpg\" width=\"400\" height=\"300\" alt=\"Casa Dani Lagos, aplique no r\u00e9s-do-ch\u00e3o\" title=\"Aplica\u00e7\u00e3o Casa Dani Lagos, r\u00e9s-do-ch\u00e3o (2)\" aria-label=\"Aplica\u00e7\u00e3o Casa Dani Lagos, r\u00e9s-do-ch\u00e3o (2)\" class=\"lazyload img-responsive wp-image-2200\" srcset=\"data:image\/svg+xml,%3Csvg%20xmlns%3D%27http%3A%2F%2Fwww.w3.org%2F2000%2Fsvg%27%20width%3D%27400%27%20height%3D%27300%27%20viewBox%3D%270%200%20400%20300%27%3E%3Crect%20width%3D%27400%27%20height%3D%27300%27%20fill-opacity%3D%220%22%2F%3E%3C%2Fsvg%3E\" data-srcset=\"https:\/\/casadaniportugal.com\/wp-content\/uploads\/2024\/07\/Casa-Dani-Lagos-app-begane-grond-2-200x150.jpg 200w, https:\/\/casadaniportugal.com\/wp-content\/uploads\/2024\/07\/Casa-Dani-Lagos-app-begane-grond-2.jpg 400w\" data-sizes=\"auto\" data-orig-sizes=\"(min-width: 2200px) 100vw, (min-width: 784px) 387px, (min-width: 712px) 580px, (min-width: 640px) 712px, \" \/><\/a><\/div><\/div><div style=\"padding:5px;\" class=\"fusion-grid-column fusion-gallery-column fusion-gallery-column-3 hover-type-none awb-gallery-item-hidden\"><div class=\"fusion-gallery-image\"><a href=\"https:\/\/casadaniportugal.com\/wp-content\/uploads\/2024\/07\/Casa-Dani-Lagos-app-begane-grond-2.webp\" rel=\"noreferrer\" data-rel=\"iLightbox[gallery_image_1]\" class=\"fusion-lightbox\" target=\"_self\"><img decoding=\"async\" src=\"https:\/\/casadaniportugal.com\/wp-content\/uploads\/2024\/07\/Casa-Dani-Lagos-app-begane-grond-2.webp\" data-orig-src=\"https:\/\/casadaniportugal.com\/wp-content\/uploads\/2024\/07\/Casa-Dani-Lagos-app-begane-grond-2.webp\" width=\"1440\" height=\"954\" alt=\"Casa Dani Lagos, aplique no r\u00e9s-do-ch\u00e3o\" title=\"Aplica\u00e7\u00e3o Casa Dani Lagos, r\u00e9s-do-ch\u00e3o (2)\" aria-label=\"Aplica\u00e7\u00e3o Casa Dani Lagos, r\u00e9s-do-ch\u00e3o (2)\" class=\"lazyload img-responsive wp-image-2201\" srcset=\"data:image\/svg+xml,%3Csvg%20xmlns%3D%27http%3A%2F%2Fwww.w3.org%2F2000%2Fsvg%27%20width%3D%271440%27%20height%3D%27954%27%20viewBox%3D%270%200%201440%20954%27%3E%3Crect%20width%3D%271440%27%20height%3D%27954%27%20fill-opacity%3D%220%22%2F%3E%3C%2Fsvg%3E\" data-srcset=\"https:\/\/casadaniportugal.com\/wp-content\/uploads\/2024\/07\/Casa-Dani-Lagos-app-begane-grond-2-200x133.webp 200w, https:\/\/casadaniportugal.com\/wp-content\/uploads\/2024\/07\/Casa-Dani-Lagos-app-begane-grond-2-400x265.webp 400w, https:\/\/casadaniportugal.com\/wp-content\/uploads\/2024\/07\/Casa-Dani-Lagos-app-begane-grond-2-600x398.webp 600w, https:\/\/casadaniportugal.com\/wp-content\/uploads\/2024\/07\/Casa-Dani-Lagos-app-begane-grond-2-800x530.webp 800w, https:\/\/casadaniportugal.com\/wp-content\/uploads\/2024\/07\/Casa-Dani-Lagos-app-begane-grond-2-1200x795.webp 1200w, https:\/\/casadaniportugal.com\/wp-content\/uploads\/2024\/07\/Casa-Dani-Lagos-app-begane-grond-2.webp 1440w\" data-sizes=\"auto\" data-orig-sizes=\"(min-width: 2200px) 100vw, (min-width: 784px) 387px, (min-width: 712px) 580px, (min-width: 640px) 712px, \" \/><\/a><\/div><\/div><div style=\"padding:5px;\" class=\"fusion-grid-column fusion-gallery-column fusion-gallery-column-3 hover-type-none awb-gallery-item-hidden\"><div class=\"fusion-gallery-image\"><a href=\"https:\/\/casadaniportugal.com\/wp-content\/uploads\/2024\/07\/Casa-Dani-Lagos-app-begane-grond-3.jpg\" rel=\"noreferrer\" data-rel=\"iLightbox[gallery_image_1]\" class=\"fusion-lightbox\" target=\"_self\"><img decoding=\"async\" src=\"https:\/\/casadaniportugal.com\/wp-content\/uploads\/2024\/07\/Casa-Dani-Lagos-app-begane-grond-3.jpg\" data-orig-src=\"https:\/\/casadaniportugal.com\/wp-content\/uploads\/2024\/07\/Casa-Dani-Lagos-app-begane-grond-3.jpg\" width=\"400\" height=\"300\" alt=\"Casa Dani Lagos, aplique no r\u00e9s-do-ch\u00e3o\" title=\"Casa Dani Lagos, apl. r\u00e9s-do-ch\u00e3o (3)\" aria-label=\"Casa Dani Lagos, apl. r\u00e9s-do-ch\u00e3o (3)\" class=\"lazyload img-responsive wp-image-2202\" srcset=\"data:image\/svg+xml,%3Csvg%20xmlns%3D%27http%3A%2F%2Fwww.w3.org%2F2000%2Fsvg%27%20width%3D%27400%27%20height%3D%27300%27%20viewBox%3D%270%200%20400%20300%27%3E%3Crect%20width%3D%27400%27%20height%3D%27300%27%20fill-opacity%3D%220%22%2F%3E%3C%2Fsvg%3E\" data-srcset=\"https:\/\/casadaniportugal.com\/wp-content\/uploads\/2024\/07\/Casa-Dani-Lagos-app-begane-grond-3-200x150.jpg 200w, https:\/\/casadaniportugal.com\/wp-content\/uploads\/2024\/07\/Casa-Dani-Lagos-app-begane-grond-3.jpg 400w\" data-sizes=\"auto\" data-orig-sizes=\"(min-width: 2200px) 100vw, (min-width: 784px) 387px, (min-width: 712px) 580px, (min-width: 640px) 712px, \" \/><\/a><\/div><\/div><div class=\"clearfix\"><\/div><div style=\"padding:5px;\" class=\"fusion-grid-column fusion-gallery-column fusion-gallery-column-3 hover-type-none awb-gallery-item-hidden\"><div class=\"fusion-gallery-image\"><a href=\"https:\/\/casadaniportugal.com\/wp-content\/uploads\/2024\/07\/Casa-Dani-Lagos-app-begane-grond-3.webp\" rel=\"noreferrer\" data-rel=\"iLightbox[gallery_image_1]\" class=\"fusion-lightbox\" target=\"_self\"><img decoding=\"async\" src=\"https:\/\/casadaniportugal.com\/wp-content\/uploads\/2024\/07\/Casa-Dani-Lagos-app-begane-grond-3.webp\" data-orig-src=\"https:\/\/casadaniportugal.com\/wp-content\/uploads\/2024\/07\/Casa-Dani-Lagos-app-begane-grond-3.webp\" width=\"1440\" height=\"953\" alt=\"Casa Dani Lagos, aplique no r\u00e9s-do-ch\u00e3o\" title=\"Casa Dani Lagos, apl. r\u00e9s-do-ch\u00e3o (3)\" aria-label=\"Casa Dani Lagos, apl. r\u00e9s-do-ch\u00e3o (3)\" class=\"lazyload img-responsive wp-image-2203\" srcset=\"data:image\/svg+xml,%3Csvg%20xmlns%3D%27http%3A%2F%2Fwww.w3.org%2F2000%2Fsvg%27%20width%3D%271440%27%20height%3D%27953%27%20viewBox%3D%270%200%201440%20953%27%3E%3Crect%20width%3D%271440%27%20height%3D%27953%27%20fill-opacity%3D%220%22%2F%3E%3C%2Fsvg%3E\" data-srcset=\"https:\/\/casadaniportugal.com\/wp-content\/uploads\/2024\/07\/Casa-Dani-Lagos-app-begane-grond-3-200x132.webp 200w, https:\/\/casadaniportugal.com\/wp-content\/uploads\/2024\/07\/Casa-Dani-Lagos-app-begane-grond-3-400x265.webp 400w, https:\/\/casadaniportugal.com\/wp-content\/uploads\/2024\/07\/Casa-Dani-Lagos-app-begane-grond-3-600x397.webp 600w, https:\/\/casadaniportugal.com\/wp-content\/uploads\/2024\/07\/Casa-Dani-Lagos-app-begane-grond-3-800x529.webp 800w, https:\/\/casadaniportugal.com\/wp-content\/uploads\/2024\/07\/Casa-Dani-Lagos-app-begane-grond-3-1200x794.webp 1200w, https:\/\/casadaniportugal.com\/wp-content\/uploads\/2024\/07\/Casa-Dani-Lagos-app-begane-grond-3.webp 1440w\" data-sizes=\"auto\" data-orig-sizes=\"(min-width: 2200px) 100vw, (min-width: 784px) 387px, (min-width: 712px) 580px, (min-width: 640px) 712px, \" \/><\/a><\/div><\/div><div style=\"padding:5px;\" class=\"fusion-grid-column fusion-gallery-column fusion-gallery-column-3 hover-type-none awb-gallery-item-hidden\"><div class=\"fusion-gallery-image\"><a href=\"https:\/\/casadaniportugal.com\/wp-content\/uploads\/2024\/07\/Casa-Dani-Lagos-app-begane-grond-5.jpg\" rel=\"noreferrer\" data-rel=\"iLightbox[gallery_image_1]\" class=\"fusion-lightbox\" target=\"_self\"><img decoding=\"async\" src=\"https:\/\/casadaniportugal.com\/wp-content\/uploads\/2024\/07\/Casa-Dani-Lagos-app-begane-grond-5.jpg\" data-orig-src=\"https:\/\/casadaniportugal.com\/wp-content\/uploads\/2024\/07\/Casa-Dani-Lagos-app-begane-grond-5.jpg\" width=\"400\" height=\"300\" alt=\"Casa Dani Lagos, aplique no r\u00e9s-do-ch\u00e3o\" title=\"Casa Dani Lagos, apl. r\u00e9s-do-ch\u00e3o (5)\" aria-label=\"Casa Dani Lagos, apl. r\u00e9s-do-ch\u00e3o (5)\" class=\"lazyload img-responsive wp-image-2204\" srcset=\"data:image\/svg+xml,%3Csvg%20xmlns%3D%27http%3A%2F%2Fwww.w3.org%2F2000%2Fsvg%27%20width%3D%27400%27%20height%3D%27300%27%20viewBox%3D%270%200%20400%20300%27%3E%3Crect%20width%3D%27400%27%20height%3D%27300%27%20fill-opacity%3D%220%22%2F%3E%3C%2Fsvg%3E\" data-srcset=\"https:\/\/casadaniportugal.com\/wp-content\/uploads\/2024\/07\/Casa-Dani-Lagos-app-begane-grond-5-200x150.jpg 200w, https:\/\/casadaniportugal.com\/wp-content\/uploads\/2024\/07\/Casa-Dani-Lagos-app-begane-grond-5.jpg 400w\" data-sizes=\"auto\" data-orig-sizes=\"(min-width: 2200px) 100vw, (min-width: 784px) 387px, (min-width: 712px) 580px, (min-width: 640px) 712px, \" \/><\/a><\/div><\/div><div style=\"padding:5px;\" class=\"fusion-grid-column fusion-gallery-column fusion-gallery-column-3 hover-type-none awb-gallery-item-hidden\"><div class=\"fusion-gallery-image\"><a href=\"https:\/\/casadaniportugal.com\/wp-content\/uploads\/2024\/07\/Casa-Dani-Lagos-app-begane-grond-5.webp\" rel=\"noreferrer\" data-rel=\"iLightbox[gallery_image_1]\" class=\"fusion-lightbox\" target=\"_self\"><img decoding=\"async\" src=\"https:\/\/casadaniportugal.com\/wp-content\/uploads\/2024\/07\/Casa-Dani-Lagos-app-begane-grond-5.webp\" data-orig-src=\"https:\/\/casadaniportugal.com\/wp-content\/uploads\/2024\/07\/Casa-Dani-Lagos-app-begane-grond-5.webp\" width=\"1440\" height=\"954\" alt=\"Casa Dani Lagos, aplique no r\u00e9s-do-ch\u00e3o\" title=\"Casa Dani Lagos, apl. r\u00e9s-do-ch\u00e3o (5)\" aria-label=\"Casa Dani Lagos, apl. r\u00e9s-do-ch\u00e3o (5)\" class=\"lazyload img-responsive wp-image-2205\" srcset=\"data:image\/svg+xml,%3Csvg%20xmlns%3D%27http%3A%2F%2Fwww.w3.org%2F2000%2Fsvg%27%20width%3D%271440%27%20height%3D%27954%27%20viewBox%3D%270%200%201440%20954%27%3E%3Crect%20width%3D%271440%27%20height%3D%27954%27%20fill-opacity%3D%220%22%2F%3E%3C%2Fsvg%3E\" data-srcset=\"https:\/\/casadaniportugal.com\/wp-content\/uploads\/2024\/07\/Casa-Dani-Lagos-app-begane-grond-5-200x133.webp 200w, https:\/\/casadaniportugal.com\/wp-content\/uploads\/2024\/07\/Casa-Dani-Lagos-app-begane-grond-5-400x265.webp 400w, https:\/\/casadaniportugal.com\/wp-content\/uploads\/2024\/07\/Casa-Dani-Lagos-app-begane-grond-5-600x398.webp 600w, https:\/\/casadaniportugal.com\/wp-content\/uploads\/2024\/07\/Casa-Dani-Lagos-app-begane-grond-5-800x530.webp 800w, https:\/\/casadaniportugal.com\/wp-content\/uploads\/2024\/07\/Casa-Dani-Lagos-app-begane-grond-5-1200x795.webp 1200w, https:\/\/casadaniportugal.com\/wp-content\/uploads\/2024\/07\/Casa-Dani-Lagos-app-begane-grond-5.webp 1440w\" data-sizes=\"auto\" data-orig-sizes=\"(min-width: 2200px) 100vw, (min-width: 784px) 387px, (min-width: 712px) 580px, (min-width: 640px) 712px, \" \/><\/a><\/div><\/div><div class=\"clearfix\"><\/div><div style=\"padding:5px;\" class=\"fusion-grid-column fusion-gallery-column fusion-gallery-column-3 hover-type-none awb-gallery-item-hidden\"><div class=\"fusion-gallery-image\"><a href=\"https:\/\/casadaniportugal.com\/wp-content\/uploads\/2024\/07\/Casa-Dani-Lagos-app-begane-grond-6.webp\" rel=\"noreferrer\" data-rel=\"iLightbox[gallery_image_1]\" class=\"fusion-lightbox\" target=\"_self\"><img decoding=\"async\" src=\"https:\/\/casadaniportugal.com\/wp-content\/uploads\/2024\/07\/Casa-Dani-Lagos-app-begane-grond-6.webp\" data-orig-src=\"https:\/\/casadaniportugal.com\/wp-content\/uploads\/2024\/07\/Casa-Dani-Lagos-app-begane-grond-6.webp\" width=\"1440\" height=\"961\" alt=\"Casa Dani Lagos, aplique no r\u00e9s-do-ch\u00e3o\" title=\"Casa Dani Lagos, apl. r\u00e9s-do-ch\u00e3o (6)\" aria-label=\"Casa Dani Lagos, apl. r\u00e9s-do-ch\u00e3o (6)\" class=\"lazyload img-responsive wp-image-2206\" srcset=\"data:image\/svg+xml,%3Csvg%20xmlns%3D%27http%3A%2F%2Fwww.w3.org%2F2000%2Fsvg%27%20width%3D%271440%27%20height%3D%27961%27%20viewBox%3D%270%200%201440%20961%27%3E%3Crect%20width%3D%271440%27%20height%3D%27961%27%20fill-opacity%3D%220%22%2F%3E%3C%2Fsvg%3E\" data-srcset=\"https:\/\/casadaniportugal.com\/wp-content\/uploads\/2024\/07\/Casa-Dani-Lagos-app-begane-grond-6-200x133.webp 200w, https:\/\/casadaniportugal.com\/wp-content\/uploads\/2024\/07\/Casa-Dani-Lagos-app-begane-grond-6-400x267.webp 400w, https:\/\/casadaniportugal.com\/wp-content\/uploads\/2024\/07\/Casa-Dani-Lagos-app-begane-grond-6-600x400.webp 600w, https:\/\/casadaniportugal.com\/wp-content\/uploads\/2024\/07\/Casa-Dani-Lagos-app-begane-grond-6-800x534.webp 800w, https:\/\/casadaniportugal.com\/wp-content\/uploads\/2024\/07\/Casa-Dani-Lagos-app-begane-grond-6-1200x801.webp 1200w, https:\/\/casadaniportugal.com\/wp-content\/uploads\/2024\/07\/Casa-Dani-Lagos-app-begane-grond-6.webp 1440w\" data-sizes=\"auto\" data-orig-sizes=\"(min-width: 2200px) 100vw, (min-width: 784px) 387px, (min-width: 712px) 580px, (min-width: 640px) 712px, \" \/><\/a><\/div><\/div><div style=\"padding:5px;\" class=\"fusion-grid-column fusion-gallery-column fusion-gallery-column-3 hover-type-none awb-gallery-item-hidden\"><div class=\"fusion-gallery-image\"><a href=\"https:\/\/casadaniportugal.com\/wp-content\/uploads\/2024\/07\/Casa-Dani-Lagos-app-begane-grond-1.jpg\" rel=\"noreferrer\" data-rel=\"iLightbox[gallery_image_1]\" class=\"fusion-lightbox\" target=\"_self\"><img decoding=\"async\" src=\"https:\/\/casadaniportugal.com\/wp-content\/uploads\/2024\/07\/Casa-Dani-Lagos-app-begane-grond-1.jpg\" data-orig-src=\"https:\/\/casadaniportugal.com\/wp-content\/uploads\/2024\/07\/Casa-Dani-Lagos-app-begane-grond-1.jpg\" width=\"400\" height=\"300\" alt=\"Casa Dani Lagos, aplique no r\u00e9s-do-ch\u00e3o\" title=\"Casa Dani Lagos, aplique, r\u00e9s-do-ch\u00e3o (1)\" aria-label=\"Casa Dani Lagos, aplique, r\u00e9s-do-ch\u00e3o (1)\" class=\"lazyload img-responsive wp-image-2207\" srcset=\"data:image\/svg+xml,%3Csvg%20xmlns%3D%27http%3A%2F%2Fwww.w3.org%2F2000%2Fsvg%27%20width%3D%27400%27%20height%3D%27300%27%20viewBox%3D%270%200%20400%20300%27%3E%3Crect%20width%3D%27400%27%20height%3D%27300%27%20fill-opacity%3D%220%22%2F%3E%3C%2Fsvg%3E\" data-srcset=\"https:\/\/casadaniportugal.com\/wp-content\/uploads\/2024\/07\/Casa-Dani-Lagos-app-begane-grond-1-200x150.jpg 200w, https:\/\/casadaniportugal.com\/wp-content\/uploads\/2024\/07\/Casa-Dani-Lagos-app-begane-grond-1.jpg 400w\" data-sizes=\"auto\" data-orig-sizes=\"(min-width: 2200px) 100vw, (min-width: 784px) 387px, (min-width: 712px) 580px, (min-width: 640px) 712px, \" \/><\/a><\/div><\/div><\/div><div class=\"fusion-loading-container fusion-clearfix awb-gallery-posts-loading-container\">\n\t\t\t\t<div class=\"fusion-loading-spinner\">\n\t\t\t\t\t<div class=\"fusion-spinner-1\"><\/div>\n\t\t\t\t\t<div class=\"fusion-spinner-2\"><\/div>\n\t\t\t\t\t<div class=\"fusion-spinner-3\"><\/div>\n\t\t\t\t<\/div><div class=\"fusion-loading-msg\"><em>Loading the next set of gallery items...<\/em><\/div><\/div><div class=\"awb-gallery-buttons\"><a href=\"#\" class=\"fusion-button button-flat button-default fusion-button-default-size awb-gallery-load-more-btn\">Ver Mais .....<\/a><\/div><\/div><\/div><\/div><\/div><\/div><div class=\"fusion-fullwidth fullwidth-box fusion-builder-row-3 fusion-flex-container has-pattern-background has-mask-background hundred-percent-fullwidth non-hundred-percent-height-scrolling\" style=\"--awb-border-radius-top-left:0px;--awb-border-radius-top-right:0px;--awb-border-radius-bottom-right:0px;--awb-border-radius-bottom-left:0px;--awb-flex-wrap:wrap;\" ><div class=\"fusion-builder-row fusion-row fusion-flex-align-items-flex-start fusion-flex-content-wrap\" style=\"width:104% !important;max-width:104% !important;margin-left: calc(-4% \/ 2 );margin-right: calc(-4% \/ 2 );\"><div class=\"fusion-layout-column fusion_builder_column fusion-builder-column-4 fusion_builder_column_1_1 1_1 fusion-flex-column\" style=\"--awb-bg-size:cover;--awb-width-large:100%;--awb-margin-top-large:0px;--awb-spacing-right-large:1.92%;--awb-margin-bottom-large:0px;--awb-spacing-left-large:1.92%;--awb-width-medium:100%;--awb-order-medium:0;--awb-spacing-right-medium:1.92%;--awb-spacing-left-medium:1.92%;--awb-width-small:100%;--awb-order-small:0;--awb-spacing-right-small:1.92%;--awb-spacing-left-small:1.92%;\"><div class=\"fusion-column-wrapper fusion-column-has-shadow fusion-flex-justify-content-flex-start fusion-content-layout-column\"><div class=\"fusion-section-separator section-separator triangle fusion-section-separator-1\" style=\"--awb-border:3px solid hsla(var(--awb-color8-h),var(--awb-color8-s),calc( var(--awb-color8-l) + 76% ),var(--awb-color8-a));--awb-spacer-height:calc( 3px * 2 );--awb-svg-margin-left:1.92%;--awb-svg-margin-right:1.92%;--awb-svg-margin-left-medium:1.92%;--awb-svg-margin-right-medium:1.92%;--awb-svg-margin-left-small:1.92%;--awb-svg-margin-right-small:1.92%;--awb-icon-color:var(--awb-color6);--awb-margin-top:15px;--awb-margin-bottom:15px;\"><div class=\"fusion-section-separator-svg\"><div class=\"section-separator-icon icon fa-building fas\" aria-hidden=\"true\"><\/div><div class=\"divider-candy both\" style=\"background-color:hsla(var(--awb-color8-h),var(--awb-color8-s),calc( var(--awb-color8-l) + 76% ),var(--awb-color8-a));border:1px solid hsla(var(--awb-color8-h),var(--awb-color8-s),calc( var(--awb-color8-l) + 76% ),var(--awb-color8-a));\"><\/div><\/div><div class=\"fusion-section-separator-spacer\"><div class=\"fusion-section-separator-spacer-height\"><\/div><\/div><\/div><\/div><\/div><\/div><\/div><div class=\"fusion-fullwidth fullwidth-box fusion-builder-row-4 fusion-flex-container has-pattern-background has-mask-background nonhundred-percent-fullwidth non-hundred-percent-height-scrolling\" style=\"--awb-border-radius-top-left:0px;--awb-border-radius-top-right:0px;--awb-border-radius-bottom-right:0px;--awb-border-radius-bottom-left:0px;--awb-flex-wrap:wrap;\" ><div class=\"fusion-builder-row fusion-row fusion-flex-align-items-flex-start fusion-flex-content-wrap\" style=\"max-width:1216.8px;margin-left: calc(-4% \/ 2 );margin-right: calc(-4% \/ 2 );\"><div class=\"fusion-layout-column fusion_builder_column fusion-builder-column-5 fusion_builder_column_1_1 1_1 fusion-flex-column\" style=\"--awb-bg-size:cover;--awb-width-large:100%;--awb-margin-top-large:0px;--awb-spacing-right-large:1.92%;--awb-margin-bottom-large:0px;--awb-spacing-left-large:1.92%;--awb-width-medium:100%;--awb-order-medium:0;--awb-spacing-right-medium:1.92%;--awb-spacing-left-medium:1.92%;--awb-width-small:100%;--awb-order-small:0;--awb-spacing-right-small:1.92%;--awb-spacing-left-small:1.92%;\"><div class=\"fusion-column-wrapper fusion-column-has-shadow fusion-flex-justify-content-flex-start fusion-content-layout-column\"><div class=\"fusion-title title fusion-title-2 fusion-title-center fusion-title-text fusion-title-size-two\" style=\"--awb-margin-top-small:0px;--awb-margin-right-small:0px;--awb-margin-bottom-small:20px;--awb-margin-left-small:0px;\"><div class=\"title-sep-container title-sep-container-left\"><div class=\"title-sep sep-single sep-dashed\" style=\"border-color:var(--awb-color3);\"><\/div><\/div><span class=\"awb-title-spacer\"><\/span><h2 class=\"fusion-title-heading title-heading-center\" style=\"margin:0;\"><strong><u>Apartamento de luxo no primeiro andar<\/u><\/strong><\/h2><span class=\"awb-title-spacer\"><\/span><div class=\"title-sep-container title-sep-container-right\"><div class=\"title-sep sep-single sep-dashed\" style=\"border-color:var(--awb-color3);\"><\/div><\/div><\/div><\/div><\/div><\/div><\/div><div class=\"fusion-fullwidth fullwidth-box fusion-builder-row-5 fusion-flex-container has-pattern-background has-mask-background nonhundred-percent-fullwidth non-hundred-percent-height-scrolling\" style=\"--awb-border-radius-top-left:0px;--awb-border-radius-top-right:0px;--awb-border-radius-bottom-right:0px;--awb-border-radius-bottom-left:0px;--awb-flex-wrap:wrap;\" ><div class=\"fusion-builder-row fusion-row fusion-flex-align-items-flex-start fusion-flex-content-wrap\" style=\"max-width:1216.8px;margin-left: calc(-4% \/ 2 );margin-right: calc(-4% \/ 2 );\"><div class=\"fusion-layout-column fusion_builder_column fusion-builder-column-6 fusion_builder_column_1_2 1_2 fusion-flex-column\" style=\"--awb-bg-size:cover;--awb-width-large:50%;--awb-margin-top-large:0px;--awb-spacing-right-large:3.84%;--awb-margin-bottom-large:0px;--awb-spacing-left-large:3.84%;--awb-width-medium:100%;--awb-order-medium:0;--awb-spacing-right-medium:1.92%;--awb-spacing-left-medium:1.92%;--awb-width-small:100%;--awb-order-small:0;--awb-spacing-right-small:1.92%;--awb-spacing-left-small:1.92%;\"><div class=\"fusion-column-wrapper fusion-column-has-shadow fusion-flex-justify-content-flex-start fusion-content-layout-column\"><div class=\"fusion-text fusion-text-2\"><p>Este apartamento acolhedor, com uma varanda espa\u00e7osa para relaxar, tem uma piscina exterior (comum) e fica a uma curta dist\u00e2ncia a p\u00e9 da linda e extensa praia de Meia Praia; o porto de Lagos (5 minutos) e o centro hist\u00f3rico de Lagos ficam a 15 minutos a p\u00e9. A partir daqui, \u00e9 f\u00e1cil chegar a v\u00e1rios campos de golfe profissionais.<br \/>\nO apartamento fica num bairro muito tranquilo, perto de supermercados e restaurantes.<\/p>\n<p>A esta\u00e7\u00e3o ferrovi\u00e1ria de Lagos fica a 750 metros de dist\u00e2ncia.<\/p>\n<p>O apartamento tem capacidade para um m\u00e1ximo de 4 pessoas e disp\u00f5e de uma sala de estar espa\u00e7osa, um quarto com uma cama boxspring de luxo, um sof\u00e1-cama confort\u00e1vel, uma casa de banho com duche e uma cozinha pr\u00f3pria totalmente equipada, que inclui, entre outras coisas, uma m\u00e1quina de lavar roupa<\/p>\n<p>\u00c9 poss\u00edvel alugar a longo prazo. De novembro a mar\u00e7o, os pre\u00e7os n\u00e3o incluem a eletricidade. Pergunta quais s\u00e3o as op\u00e7\u00f5es dispon\u00edveis.<\/p>\n<\/div><\/div><\/div><div class=\"fusion-layout-column fusion_builder_column fusion-builder-column-7 fusion_builder_column_1_2 1_2 fusion-flex-column fusion-flex-align-self-center\" style=\"--awb-bg-size:cover;--awb-width-large:50%;--awb-margin-top-large:0px;--awb-spacing-right-large:3.84%;--awb-margin-bottom-large:0px;--awb-spacing-left-large:3.84%;--awb-width-medium:100%;--awb-order-medium:0;--awb-spacing-right-medium:1.92%;--awb-spacing-left-medium:1.92%;--awb-width-small:100%;--awb-order-small:0;--awb-spacing-right-small:1.92%;--awb-spacing-left-small:1.92%;\" data-scroll-devices=\"small-visibility,medium-visibility,large-visibility\"><div class=\"fusion-column-wrapper fusion-column-has-shadow fusion-flex-justify-content-center fusion-content-layout-column\"><div class=\"fusion-image-element\" style=\"--awb-caption-title-font-family:var(--h2_typography-font-family);--awb-caption-title-font-weight:var(--h2_typography-font-weight);--awb-caption-title-font-style:var(--h2_typography-font-style);--awb-caption-title-size:var(--h2_typography-font-size);--awb-caption-title-transform:var(--h2_typography-text-transform);--awb-caption-title-line-height:var(--h2_typography-line-height);--awb-caption-title-letter-spacing:var(--h2_typography-letter-spacing);\"><span class=\" fusion-imageframe imageframe-none imageframe-2 hover-type-none\"><img decoding=\"async\" width=\"1094\" height=\"821\" alt=\"Lagos, 1.\u00aa sala de estar\" title=\"Lagos, 1.\u00aa sala de estar\" src=\"https:\/\/casadaniportugal.com\/wp-content\/uploads\/2024\/08\/Lagos-1e-zitkamer.jpg\" data-orig-src=\"https:\/\/casadaniportugal.com\/wp-content\/uploads\/2024\/08\/Lagos-1e-zitkamer.jpg\" class=\"lazyload img-responsive wp-image-2196\" srcset=\"data:image\/svg+xml,%3Csvg%20xmlns%3D%27http%3A%2F%2Fwww.w3.org%2F2000%2Fsvg%27%20width%3D%271094%27%20height%3D%27821%27%20viewBox%3D%270%200%201094%20821%27%3E%3Crect%20width%3D%271094%27%20height%3D%27821%27%20fill-opacity%3D%220%22%2F%3E%3C%2Fsvg%3E\" data-srcset=\"https:\/\/casadaniportugal.com\/wp-content\/uploads\/2024\/08\/Lagos-1e-zitkamer-200x150.jpg 200w, https:\/\/casadaniportugal.com\/wp-content\/uploads\/2024\/08\/Lagos-1e-zitkamer-400x300.jpg 400w, https:\/\/casadaniportugal.com\/wp-content\/uploads\/2024\/08\/Lagos-1e-zitkamer-600x450.jpg 600w, https:\/\/casadaniportugal.com\/wp-content\/uploads\/2024\/08\/Lagos-1e-zitkamer-800x600.jpg 800w, https:\/\/casadaniportugal.com\/wp-content\/uploads\/2024\/08\/Lagos-1e-zitkamer.jpg 1094w\" data-sizes=\"auto\" data-orig-sizes=\"(max-width: 1024px) 100vw, (max-width: 640px) 100vw, 600px\" \/><\/span><\/div><\/div><\/div><div class=\"fusion-layout-column fusion_builder_column fusion-builder-column-8 fusion_builder_column_1_1 1_1 fusion-flex-column\" style=\"--awb-bg-size:cover;--awb-width-large:100%;--awb-margin-top-large:0px;--awb-spacing-right-large:1.92%;--awb-margin-bottom-large:0px;--awb-spacing-left-large:1.92%;--awb-width-medium:100%;--awb-order-medium:0;--awb-spacing-right-medium:1.92%;--awb-spacing-left-medium:1.92%;--awb-width-small:100%;--awb-order-small:0;--awb-spacing-right-small:1.92%;--awb-spacing-left-small:1.92%;\"><div class=\"fusion-column-wrapper fusion-column-has-shadow fusion-flex-justify-content-flex-start fusion-content-layout-column\"><div class=\"awb-gallery-wrapper awb-gallery-wrapper-2 button-span-yes\" style=\"--more-btn-alignment:center;--more-btn-color:var(--awb-color1);\" data-limit=\"3\" data-page=\"1\"><div style=\"margin:-5px;--awb-bordersize:0px;\" class=\"fusion-gallery fusion-gallery-container fusion-grid-2 fusion-columns-total-2 fusion-gallery-layout-grid fusion-gallery-2\"><div style=\"padding:5px;\" class=\"fusion-grid-column fusion-gallery-column fusion-gallery-column-2 hover-type-none\"><div class=\"fusion-gallery-image\"><a href=\"https:\/\/casadaniportugal.com\/wp-content\/uploads\/2024\/08\/Lagos-1e-verdiepring.jpg\" rel=\"noreferrer\" data-rel=\"iLightbox[gallery_image_2]\" class=\"fusion-lightbox\" target=\"_self\"><img decoding=\"async\" src=\"https:\/\/casadaniportugal.com\/wp-content\/uploads\/2024\/08\/Lagos-1e-verdiepring.jpg\" data-orig-src=\"https:\/\/casadaniportugal.com\/wp-content\/uploads\/2024\/08\/Lagos-1e-verdiepring.jpg\" width=\"1280\" height=\"960\" alt=\"\" title=\"Lagos, 1.\u00ba andar\" aria-label=\"Lagos, 1.\u00ba andar\" class=\"lazyload img-responsive wp-image-2208\" srcset=\"data:image\/svg+xml,%3Csvg%20xmlns%3D%27http%3A%2F%2Fwww.w3.org%2F2000%2Fsvg%27%20width%3D%271280%27%20height%3D%27960%27%20viewBox%3D%270%200%201280%20960%27%3E%3Crect%20width%3D%271280%27%20height%3D%27960%27%20fill-opacity%3D%220%22%2F%3E%3C%2Fsvg%3E\" data-srcset=\"https:\/\/casadaniportugal.com\/wp-content\/uploads\/2024\/08\/Lagos-1e-verdiepring-200x150.jpg 200w, https:\/\/casadaniportugal.com\/wp-content\/uploads\/2024\/08\/Lagos-1e-verdiepring-400x300.jpg 400w, https:\/\/casadaniportugal.com\/wp-content\/uploads\/2024\/08\/Lagos-1e-verdiepring-600x450.jpg 600w, https:\/\/casadaniportugal.com\/wp-content\/uploads\/2024\/08\/Lagos-1e-verdiepring-800x600.jpg 800w, https:\/\/casadaniportugal.com\/wp-content\/uploads\/2024\/08\/Lagos-1e-verdiepring-1200x900.jpg 1200w, https:\/\/casadaniportugal.com\/wp-content\/uploads\/2024\/08\/Lagos-1e-verdiepring.jpg 1280w\" data-sizes=\"auto\" data-orig-sizes=\"(min-width: 2200px) 100vw, (min-width: 712px) 583px, (min-width: 640px) 712px, \" data-orig-><\/a><\/div><\/div><div class=\"clearfix\"><\/div><div style=\"padding:5px;\" class=\"fusion-grid-column fusion-gallery-column fusion-gallery-column-2 hover-type-none\"><div class=\"fusion-gallery-image\"><a href=\"https:\/\/casadaniportugal.com\/wp-content\/uploads\/2024\/08\/Lagos-boven.jpg\" rel=\"noreferrer\" data-rel=\"iLightbox[gallery_image_2]\" class=\"fusion-lightbox\" target=\"_self\"><img decoding=\"async\" src=\"https:\/\/casadaniportugal.com\/wp-content\/uploads\/2024\/08\/Lagos-boven.jpg\" data-orig-src=\"https:\/\/casadaniportugal.com\/wp-content\/uploads\/2024\/08\/Lagos-boven.jpg\" width=\"912\" height=\"684\" alt=\"\" title=\"Lagos l\u00e1 em cima\" aria-label=\"Lagos l\u00e1 em cima\" class=\"lazyload img-responsive wp-image-2209\" srcset=\"data:image\/svg+xml,%3Csvg%20xmlns%3D%27http%3A%2F%2Fwww.w3.org%2F2000%2Fsvg%27%20width%3D%27912%27%20height%3D%27684%27%20viewBox%3D%270%200%20912%20684%27%3E%3Crect%20width%3D%27912%27%20height%3D%27684%27%20fill-opacity%3D%220%22%2F%3E%3C%2Fsvg%3E\" data-srcset=\"https:\/\/casadaniportugal.com\/wp-content\/uploads\/2024\/08\/Lagos-boven-200x150.jpg 200w, https:\/\/casadaniportugal.com\/wp-content\/uploads\/2024\/08\/Lagos-boven-400x300.jpg 400w, https:\/\/casadaniportugal.com\/wp-content\/uploads\/2024\/08\/Lagos-boven-600x450.jpg 600w, https:\/\/casadaniportugal.com\/wp-content\/uploads\/2024\/08\/Lagos-boven-800x600.jpg 800w, https:\/\/casadaniportugal.com\/wp-content\/uploads\/2024\/08\/Lagos-boven.jpg 912w\" data-sizes=\"auto\" data-orig-sizes=\"(min-width: 2200px) 100vw, (min-width: 712px) 583px, (min-width: 640px) 712px, \" data-orig-><\/a><\/div><\/div><\/div><\/div><\/div><\/div><\/div><\/div><div class=\"fusion-fullwidth fullwidth-box fusion-builder-row-6 fusion-flex-container has-pattern-background has-mask-background hundred-percent-fullwidth non-hundred-percent-height-scrolling\" style=\"--awb-border-sizes-top:5;--awb-border-sizes-bottom:5;--awb-border-sizes-left:5;--awb-border-sizes-right:5;--awb-border-color:var(--awb-color6);--awb-border-radius-top-left:0px;--awb-border-radius-top-right:0px;--awb-border-radius-bottom-right:0px;--awb-border-radius-bottom-left:0px;--awb-margin-top:25px;--awb-flex-wrap:wrap;\" ><div class=\"fusion-builder-row fusion-row fusion-flex-align-items-flex-start fusion-flex-content-wrap\" style=\"width:104% !important;max-width:104% !important;margin-left: calc(-4% \/ 2 );margin-right: calc(-4% \/ 2 );\"><div class=\"fusion-layout-column fusion_builder_column fusion-builder-column-9 fusion_builder_column_1_1 1_1 fusion-flex-column\" style=\"--awb-padding-right:25px;--awb-padding-left:25px;--awb-bg-size:cover;--awb-width-large:100%;--awb-margin-top-large:0px;--awb-spacing-right-large:1.92%;--awb-margin-bottom-large:0px;--awb-spacing-left-large:1.92%;--awb-width-medium:100%;--awb-order-medium:0;--awb-spacing-right-medium:1.92%;--awb-spacing-left-medium:1.92%;--awb-width-small:100%;--awb-order-small:0;--awb-spacing-right-small:1.92%;--awb-spacing-left-small:1.92%;\" data-scroll-devices=\"small-visibility,medium-visibility,large-visibility\"><div class=\"fusion-column-wrapper fusion-column-has-shadow fusion-flex-justify-content-flex-start fusion-content-layout-column\"><div class=\"fusion-title title fusion-title-3 fusion-title-text fusion-title-size-two\" style=\"--awb-text-color:var(--awb-color7);--awb-margin-top-small:0px;--awb-margin-right-small:0px;--awb-margin-bottom-small:20px;--awb-margin-left-small:0px;--awb-font-size:30px;\"><div class=\"title-sep-container title-sep-container-left fusion-no-large-visibility fusion-no-medium-visibility fusion-no-small-visibility\"><div class=\"title-sep sep-single sep-dashed\" style=\"border-color:var(--awb-color3);\"><\/div><\/div><span class=\"awb-title-spacer fusion-no-large-visibility fusion-no-medium-visibility fusion-no-small-visibility\"><\/span><h2 class=\"fusion-title-heading title-heading-left\" style=\"margin:0;font-size:1em;\">Localiza\u00e7\u00e3o dos apartamentos em Lagos<\/h2><span class=\"awb-title-spacer\"><\/span><div class=\"title-sep-container title-sep-container-right\"><div class=\"title-sep sep-single sep-dashed\" style=\"border-color:var(--awb-color3);\"><\/div><\/div><\/div><div class=\"fusion-builder-row fusion-builder-row-inner fusion-row fusion-flex-align-items-flex-start fusion-flex-content-wrap\" style=\"--awb-flex-grow:0;--awb-flex-grow-medium:0;--awb-flex-grow-small:0;--awb-flex-shrink:0;--awb-flex-shrink-medium:0;--awb-flex-shrink-small:0;width:104% !important;max-width:104% !important;margin-left: calc(-4% \/ 2 );margin-right: calc(-4% \/ 2 );\"><div class=\"fusion-layout-column fusion_builder_column_inner fusion-builder-nested-column-0 fusion_builder_column_inner_1_3 1_3 fusion-flex-column\" style=\"--awb-bg-size:cover;--awb-width-large:33.333333333333%;--awb-margin-top-large:0px;--awb-spacing-right-large:5.76%;--awb-margin-bottom-large:0px;--awb-spacing-left-large:5.76%;--awb-width-medium:100%;--awb-order-medium:0;--awb-spacing-right-medium:1.92%;--awb-spacing-left-medium:1.92%;--awb-width-small:100%;--awb-order-small:0;--awb-spacing-right-small:1.92%;--awb-spacing-left-small:1.92%;\"><div class=\"fusion-column-wrapper fusion-column-has-shadow fusion-flex-justify-content-flex-start fusion-content-layout-column\"><i class=\"fb-icon-element-1 fb-icon-element fontawesome-icon fa-building fas circle-yes\" style=\"--awb-circlecolor-hover:var(--awb-color5);--awb-circlebordercolor-hover:var(--awb-color8);--awb-circlebordersize:1px;--awb-font-size:17.6px;--awb-width:35.2px;--awb-height:35.2px;--awb-line-height:33.2px;--awb-margin-top:0;--awb-margin-right:0;--awb-margin-bottom:0;--awb-margin-left:0;--awb-align-self:center;\"><\/i><div class=\"fusion-text fusion-text-3\"><p>URB QUINTA DE SANTO ANTONIO<\/p>\n<\/div><\/div><\/div><div class=\"fusion-layout-column fusion_builder_column_inner fusion-builder-nested-column-1 fusion_builder_column_inner_1_3 1_3 fusion-flex-column\" style=\"--awb-bg-size:cover;--awb-width-large:33.333333333333%;--awb-margin-top-large:0px;--awb-spacing-right-large:5.76%;--awb-margin-bottom-large:0px;--awb-spacing-left-large:5.76%;--awb-width-medium:100%;--awb-order-medium:0;--awb-spacing-right-medium:1.92%;--awb-spacing-left-medium:1.92%;--awb-width-small:100%;--awb-order-small:0;--awb-spacing-right-small:1.92%;--awb-spacing-left-small:1.92%;\"><div class=\"fusion-column-wrapper fusion-column-has-shadow fusion-flex-justify-content-flex-start fusion-content-layout-column\"><i class=\"fb-icon-element-2 fb-icon-element fontawesome-icon fa-map-marker-alt fas circle-yes\" style=\"--awb-circlecolor-hover:var(--awb-color5);--awb-circlebordercolor-hover:var(--awb-color8);--awb-circlebordersize:1px;--awb-font-size:17.6px;--awb-width:35.2px;--awb-height:35.2px;--awb-line-height:33.2px;--awb-margin-top:0;--awb-margin-right:0;--awb-margin-bottom:0;--awb-margin-left:0;--awb-align-self:center;\"><\/i><div class=\"fusion-text fusion-text-4\"><p>RUA DAS BARCAS LT D1 8600-315 LAGOS<\/p>\n<\/div><\/div><\/div><div class=\"fusion-layout-column fusion_builder_column_inner fusion-builder-nested-column-2 fusion_builder_column_inner_1_3 1_3 fusion-flex-column\" style=\"--awb-bg-size:cover;--awb-width-large:33.333333333333%;--awb-margin-top-large:0px;--awb-spacing-right-large:5.76%;--awb-margin-bottom-large:0px;--awb-spacing-left-large:5.76%;--awb-width-medium:100%;--awb-order-medium:0;--awb-spacing-right-medium:1.92%;--awb-spacing-left-medium:1.92%;--awb-width-small:100%;--awb-order-small:0;--awb-spacing-right-small:1.92%;--awb-spacing-left-small:1.92%;\"><div class=\"fusion-column-wrapper fusion-column-has-shadow fusion-flex-justify-content-flex-start fusion-content-layout-column\"><i class=\"fb-icon-element-3 fb-icon-element fontawesome-icon fa-stamp fas circle-yes fusion-text-flow\" style=\"--awb-circlecolor-hover:var(--awb-color5);--awb-circlebordercolor-hover:var(--awb-color8);--awb-circlebordersize:1px;--awb-font-size:17.6px;--awb-width:35.2px;--awb-height:35.2px;--awb-line-height:33.2px;--awb-margin-right:10px;\"><\/i><div class=\"fusion-text fusion-text-5\"><p>RNAL n.\u00ba 5054\/AL<\/p>\n<\/div><\/div><\/div><\/div><\/div><\/div><\/div><\/div><\/p>\n","protected":false},"excerpt":{"rendered":"","protected":false},"author":1,"featured_media":0,"parent":0,"menu_order":0,"comment_status":"closed","ping_status":"closed","template":"100-width.php","meta":{"footnotes":""},"class_list":["post-2210","page","type-page","status-publish","hentry"],"_links":{"self":[{"href":"https:\/\/casadaniportugal.com\/pt-pt\/wp-json\/wp\/v2\/pages\/2210","targetHints":{"allow":["GET"]}}],"collection":[{"href":"https:\/\/casadaniportugal.com\/pt-pt\/wp-json\/wp\/v2\/pages"}],"about":[{"href":"https:\/\/casadaniportugal.com\/pt-pt\/wp-json\/wp\/v2\/types\/page"}],"author":[{"embeddable":true,"href":"https:\/\/casadaniportugal.com\/pt-pt\/wp-json\/wp\/v2\/users\/1"}],"replies":[{"embeddable":true,"href":"https:\/\/casadaniportugal.com\/pt-pt\/wp-json\/wp\/v2\/comments?post=2210"}],"version-history":[{"count":8,"href":"https:\/\/casadaniportugal.com\/pt-pt\/wp-json\/wp\/v2\/pages\/2210\/revisions"}],"predecessor-version":[{"id":2532,"href":"https:\/\/casadaniportugal.com\/pt-pt\/wp-json\/wp\/v2\/pages\/2210\/revisions\/2532"}],"wp:attachment":[{"href":"https:\/\/casadaniportugal.com\/pt-pt\/wp-json\/wp\/v2\/media?parent=2210"}],"curies":[{"name":"wp","href":"https:\/\/api.w.org\/{rel}","templated":true}]}}