{"id":2252,"date":"2024-06-25T09:51:16","date_gmt":"2024-06-25T09:51:16","guid":{"rendered":"https:\/\/casadaniportugal.com\/environs\/"},"modified":"2026-08-04T09:16:29","modified_gmt":"2026-08-04T09:16:29","slug":"environs","status":"publish","type":"page","link":"https:\/\/casadaniportugal.com\/fr\/environs\/","title":{"rendered":"Environs"},"content":{"rendered":"<p><div class=\"fusion-fullwidth fullwidth-box fusion-builder-row-1 fusion-flex-container has-pattern-background has-mask-background nonhundred-percent-fullwidth non-hundred-percent-height-scrolling\" style=\"--awb-border-radius-top-left:0px;--awb-border-radius-top-right:0px;--awb-border-radius-bottom-right:0px;--awb-border-radius-bottom-left:0px;--awb-flex-wrap:wrap;\" ><div class=\"fusion-builder-row fusion-row fusion-flex-align-items-flex-start fusion-flex-content-wrap\" style=\"max-width:1216.8px;margin-left: calc(-4% \/ 2 );margin-right: calc(-4% \/ 2 );\"><div class=\"fusion-layout-column fusion_builder_column fusion-builder-column-0 fusion_builder_column_1_1 1_1 fusion-flex-column\" style=\"--awb-bg-size:cover;--awb-width-large:100%;--awb-margin-top-large:0px;--awb-spacing-right-large:1.92%;--awb-margin-bottom-large:0px;--awb-spacing-left-large:1.92%;--awb-width-medium:100%;--awb-order-medium:0;--awb-spacing-right-medium:1.92%;--awb-spacing-left-medium:1.92%;--awb-width-small:100%;--awb-order-small:0;--awb-spacing-right-small:1.92%;--awb-spacing-left-small:1.92%;\"><div class=\"fusion-column-wrapper fusion-column-has-shadow fusion-flex-justify-content-flex-start fusion-content-layout-column\"><div class=\"fusion-text fusion-text-1\"><p>La Casa Dani est situ\u00e9e au c\u0153ur des magnifiques environs de Tomar, dans la province de Santar\u00e9m, \u00e0 un peu plus d&rsquo;une heure de route de la capitale, Lisbonne. La nature commence d\u00e8s notre jardin et, en 10 minutes en voiture, vous rejoignez cette ville traditionnelle et chaleureuse. Depuis votre terrasse priv\u00e9e, vous \u00eates accueilli chaque jour par le lever du soleil qui teinte tout le paysage de nuances orang\u00e9es. Pendant la journ\u00e9e, le ciel bleu vous invite \u00e0 d\u00e9couvrir tout ce que le Portugal a \u00e0 offrir, et en particulier les tr\u00e9sors de Tomar. De l\u00e0, vous pouvez facilement vous rendre sur diverses plages fluviales, admirer des cascades et explorer des champs de fleurs.    <\/p>\n<\/div><\/div><\/div><\/div><\/div><div class=\"fusion-fullwidth fullwidth-box fusion-builder-row-2 fusion-flex-container has-pattern-background has-mask-background nonhundred-percent-fullwidth non-hundred-percent-height-scrolling\" style=\"--awb-border-radius-top-left:0px;--awb-border-radius-top-right:0px;--awb-border-radius-bottom-right:0px;--awb-border-radius-bottom-left:0px;--awb-flex-wrap:wrap;\" ><div class=\"fusion-builder-row fusion-row fusion-flex-align-items-flex-start fusion-flex-content-wrap\" style=\"max-width:1216.8px;margin-left: calc(-4% \/ 2 );margin-right: calc(-4% \/ 2 );\"><div class=\"fusion-layout-column fusion_builder_column fusion-builder-column-1 fusion_builder_column_1_2 1_2 fusion-flex-column\" style=\"--awb-bg-size:cover;--awb-width-large:50%;--awb-margin-top-large:0px;--awb-spacing-right-large:3.84%;--awb-margin-bottom-large:0px;--awb-spacing-left-large:3.84%;--awb-width-medium:100%;--awb-order-medium:0;--awb-spacing-right-medium:1.92%;--awb-spacing-left-medium:1.92%;--awb-width-small:100%;--awb-order-small:0;--awb-spacing-right-small:1.92%;--awb-spacing-left-small:1.92%;\"><div class=\"fusion-column-wrapper fusion-column-has-shadow fusion-flex-justify-content-flex-start fusion-content-layout-column\"><div class=\"fusion-text fusion-text-2\"><p>Tomar est une ville envo\u00fbtante o\u00f9 l&rsquo;influence pass\u00e9e des Templiers est encore clairement visible. En empruntant de petites ruelles, le long de maisons charmantes et de magnifiques fa\u00e7ades, vous pourrez, apr\u00e8s une pause dans un d\u00e9licieux petit caf\u00e9, visiter le couvent Convento de Cristo, situ\u00e9 au sommet de la colline. Ce couvent est le fleuron de la ville. Datant du XIIe si\u00e8cle, cet \u00e9difice \u00e9tait une construction avant-gardiste qui regorge de tr\u00e9sors architecturaux et culturels. De l\u00e0, vous pouvez choisir de vous enfoncer davantage dans la magnifique nature, par exemple vers l\u2019Aqueduto, ou de retourner dans la charmante ville. Tomar ne vit pas uniquement dans le pass\u00e9 : aujourd\u2019hui encore, il y a de nombreux tr\u00e9sors culturels \u00e0 d\u00e9couvrir.     <\/p>\n<\/div><div class=\"fusion-text fusion-text-3\"><p>L&rsquo;une des plus grandes f\u00eates de Tomar est la \u00ab Festas Dos Tabuleiros \u00bb. Tous les quatre ans, chaque rue est d\u00e9cor\u00e9e de d\u00e9corations en papier r\u00e9alis\u00e9es \u00e0 la main. Pendant dix jours, Tomar s&rsquo;anime au rythme des d\u00e9fil\u00e9s, des offices religieux, ainsi que des spectacles de musique et de danse. C&rsquo;est une f\u00eate \u00e0 ne manquer sous aucun pr\u00e9texte. Pour les amateurs d&rsquo;art et de culture, Tomar propose \u00e9galement chaque ann\u00e9e divers festivals qui se succ\u00e8dent. Citons notamment la Tomar Festa Templaria, le z\u00eazere Arts ou encore l&rsquo;Art&rsquo;in Rua \u2013 Tomar Street Arts Festival. Vous souhaitez savoir quels festivals locaux auront lieu pendant votre s\u00e9jour ? Gerda et Maarten se feront un plaisir de vous conseiller.       <\/p>\n<\/div><\/div><\/div><div class=\"fusion-layout-column fusion_builder_column fusion-builder-column-2 fusion_builder_column_1_2 1_2 fusion-flex-column\" style=\"--awb-bg-size:cover;--awb-width-large:50%;--awb-margin-top-large:0px;--awb-spacing-right-large:3.84%;--awb-margin-bottom-large:0px;--awb-spacing-left-large:3.84%;--awb-width-medium:100%;--awb-order-medium:0;--awb-spacing-right-medium:1.92%;--awb-spacing-left-medium:1.92%;--awb-width-small:100%;--awb-order-small:0;--awb-spacing-right-small:1.92%;--awb-spacing-left-small:1.92%;\"><div class=\"fusion-column-wrapper fusion-column-has-shadow fusion-flex-justify-content-flex-start fusion-content-layout-column\"><div class=\"fusion-image-element\" style=\"--awb-caption-title-font-family:var(--h2_typography-font-family);--awb-caption-title-font-weight:var(--h2_typography-font-weight);--awb-caption-title-font-style:var(--h2_typography-font-style);--awb-caption-title-size:var(--h2_typography-font-size);--awb-caption-title-transform:var(--h2_typography-text-transform);--awb-caption-title-line-height:var(--h2_typography-line-height);--awb-caption-title-letter-spacing:var(--h2_typography-letter-spacing);\"><span class=\" fusion-imageframe imageframe-none imageframe-1 hover-type-none\"><img decoding=\"async\" width=\"1224\" height=\"1632\" alt=\"Sentier de randonn\u00e9e de Fatima\" title=\"Sentier de randonn\u00e9e de Fatima\" src=\"https:\/\/casadaniportugal.com\/wp-content\/uploads\/2024\/07\/Fatima-wandelpad.jpg\" data-orig-src=\"https:\/\/casadaniportugal.com\/wp-content\/uploads\/2024\/07\/Fatima-wandelpad.jpg\" class=\"lazyload img-responsive wp-image-2240\" srcset=\"data:image\/svg+xml,%3Csvg%20xmlns%3D%27http%3A%2F%2Fwww.w3.org%2F2000%2Fsvg%27%20width%3D%271224%27%20height%3D%271632%27%20viewBox%3D%270%200%201224%201632%27%3E%3Crect%20width%3D%271224%27%20height%3D%271632%27%20fill-opacity%3D%220%22%2F%3E%3C%2Fsvg%3E\" data-srcset=\"https:\/\/casadaniportugal.com\/wp-content\/uploads\/2024\/07\/Fatima-wandelpad-200x267.jpg 200w, https:\/\/casadaniportugal.com\/wp-content\/uploads\/2024\/07\/Fatima-wandelpad-400x533.jpg 400w, https:\/\/casadaniportugal.com\/wp-content\/uploads\/2024\/07\/Fatima-wandelpad-600x800.jpg 600w, https:\/\/casadaniportugal.com\/wp-content\/uploads\/2024\/07\/Fatima-wandelpad-800x1067.jpg 800w, https:\/\/casadaniportugal.com\/wp-content\/uploads\/2024\/07\/Fatima-wandelpad-1200x1600.jpg 1200w, https:\/\/casadaniportugal.com\/wp-content\/uploads\/2024\/07\/Fatima-wandelpad.jpg 1224w\" data-sizes=\"auto\" data-orig-sizes=\"(max-width: 1024px) 100vw, (max-width: 640px) 100vw, 600px\" \/><\/span><\/div><\/div><\/div><\/div><\/div><div class=\"fusion-fullwidth fullwidth-box fusion-builder-row-3 fusion-flex-container has-pattern-background has-mask-background nonhundred-percent-fullwidth non-hundred-percent-height-scrolling\" style=\"--awb-border-radius-top-left:0px;--awb-border-radius-top-right:0px;--awb-border-radius-bottom-right:0px;--awb-border-radius-bottom-left:0px;--awb-flex-wrap:wrap;\" ><div class=\"fusion-builder-row fusion-row fusion-flex-align-items-flex-start fusion-flex-content-wrap\" style=\"max-width:1216.8px;margin-left: calc(-4% \/ 2 );margin-right: calc(-4% \/ 2 );\"><div class=\"fusion-layout-column fusion_builder_column fusion-builder-column-3 fusion_builder_column_1_1 1_1 fusion-flex-column\" style=\"--awb-bg-size:cover;--awb-width-large:100%;--awb-margin-top-large:0px;--awb-spacing-right-large:1.92%;--awb-margin-bottom-large:0px;--awb-spacing-left-large:1.92%;--awb-width-medium:100%;--awb-order-medium:0;--awb-spacing-right-medium:1.92%;--awb-spacing-left-medium:1.92%;--awb-width-small:100%;--awb-order-small:0;--awb-spacing-right-small:1.92%;--awb-spacing-left-small:1.92%;\"><div class=\"fusion-column-wrapper fusion-column-has-shadow fusion-flex-justify-content-flex-start fusion-content-layout-column\"><div class=\"fusion-text fusion-text-4\"><p>Casa Dani constitue \u00e9galement une \u00e9tape id\u00e9ale pour l&rsquo;un des p\u00e8lerinages vers Fatima, voire plus loin, vers Saint-Jacques-de-Compostelle. Le chemin de Fatima, le Caminho de Fatima, passe pratiquement par notre jardin. Tout au long de la saison, nous voyons des randonneurs emprunter ce chemin spirituel ou simplement profiter de la beaut\u00e9 de la nature. Ce parcours commence \u00e0 Lisbonne et traverse sept autres villes avant d&rsquo;arriver \u00e0 Fatima, pour une distance totale de 178 kilom\u00e8tres. Depuis Tomar, il reste encore 29 kilom\u00e8tres jusqu\u2019\u00e0 Fatima.    <\/p>\n<\/div><\/div><\/div><\/div><\/div><div class=\"fusion-fullwidth fullwidth-box fusion-builder-row-4 fusion-flex-container has-pattern-background has-mask-background nonhundred-percent-fullwidth non-hundred-percent-height-scrolling\" style=\"--awb-border-radius-top-left:0px;--awb-border-radius-top-right:0px;--awb-border-radius-bottom-right:0px;--awb-border-radius-bottom-left:0px;--awb-flex-wrap:wrap;\" ><div class=\"fusion-builder-row fusion-row fusion-flex-align-items-flex-start fusion-flex-content-wrap\" style=\"max-width:1216.8px;margin-left: calc(-4% \/ 2 );margin-right: calc(-4% \/ 2 );\"><div class=\"fusion-layout-column fusion_builder_column fusion-builder-column-4 fusion_builder_column_1_2 1_2 fusion-flex-column\" style=\"--awb-bg-size:cover;--awb-width-large:50%;--awb-margin-top-large:0px;--awb-spacing-right-large:3.84%;--awb-margin-bottom-large:0px;--awb-spacing-left-large:3.84%;--awb-width-medium:100%;--awb-order-medium:0;--awb-spacing-right-medium:1.92%;--awb-spacing-left-medium:1.92%;--awb-width-small:100%;--awb-order-small:0;--awb-spacing-right-small:1.92%;--awb-spacing-left-small:1.92%;\"><div class=\"fusion-column-wrapper fusion-column-has-shadow fusion-flex-justify-content-flex-start fusion-content-layout-column\"><div class=\"fusion-image-element\" style=\"--awb-caption-title-font-family:var(--h2_typography-font-family);--awb-caption-title-font-weight:var(--h2_typography-font-weight);--awb-caption-title-font-style:var(--h2_typography-font-style);--awb-caption-title-size:var(--h2_typography-font-size);--awb-caption-title-transform:var(--h2_typography-text-transform);--awb-caption-title-line-height:var(--h2_typography-line-height);--awb-caption-title-letter-spacing:var(--h2_typography-letter-spacing);\"><span class=\" fusion-imageframe imageframe-none imageframe-2 hover-type-none\"><img decoding=\"async\" width=\"1632\" height=\"1224\" alt=\"Aqueduc de Tomar\" title=\"Aqueduc de Tomar\" src=\"https:\/\/casadaniportugal.com\/wp-content\/uploads\/2024\/06\/Tomar-aquaduct.jpg\" data-orig-src=\"https:\/\/casadaniportugal.com\/wp-content\/uploads\/2024\/06\/Tomar-aquaduct.jpg\" class=\"lazyload img-responsive wp-image-2100\" srcset=\"data:image\/svg+xml,%3Csvg%20xmlns%3D%27http%3A%2F%2Fwww.w3.org%2F2000%2Fsvg%27%20width%3D%271632%27%20height%3D%271224%27%20viewBox%3D%270%200%201632%201224%27%3E%3Crect%20width%3D%271632%27%20height%3D%271224%27%20fill-opacity%3D%220%22%2F%3E%3C%2Fsvg%3E\" data-srcset=\"https:\/\/casadaniportugal.com\/wp-content\/uploads\/2024\/06\/Tomar-aquaduct-200x150.jpg 200w, https:\/\/casadaniportugal.com\/wp-content\/uploads\/2024\/06\/Tomar-aquaduct-400x300.jpg 400w, https:\/\/casadaniportugal.com\/wp-content\/uploads\/2024\/06\/Tomar-aquaduct-600x450.jpg 600w, https:\/\/casadaniportugal.com\/wp-content\/uploads\/2024\/06\/Tomar-aquaduct-800x600.jpg 800w, https:\/\/casadaniportugal.com\/wp-content\/uploads\/2024\/06\/Tomar-aquaduct-1200x900.jpg 1200w, https:\/\/casadaniportugal.com\/wp-content\/uploads\/2024\/06\/Tomar-aquaduct.jpg 1632w\" data-sizes=\"auto\" data-orig-sizes=\"(max-width: 1024px) 100vw, (max-width: 640px) 100vw, 600px\" \/><\/span><\/div><\/div><\/div><div class=\"fusion-layout-column fusion_builder_column fusion-builder-column-5 fusion_builder_column_1_2 1_2 fusion-flex-column\" style=\"--awb-bg-size:cover;--awb-width-large:50%;--awb-margin-top-large:0px;--awb-spacing-right-large:3.84%;--awb-margin-bottom-large:0px;--awb-spacing-left-large:3.84%;--awb-width-medium:100%;--awb-order-medium:0;--awb-spacing-right-medium:1.92%;--awb-spacing-left-medium:1.92%;--awb-width-small:100%;--awb-order-small:0;--awb-spacing-right-small:1.92%;--awb-spacing-left-small:1.92%;\"><div class=\"fusion-column-wrapper fusion-column-has-shadow fusion-flex-justify-content-flex-start fusion-content-layout-column\"><div class=\"fusion-text fusion-text-5\"><p>Dans les environs imm\u00e9diats de Tomar, l&rsquo;Aqueduto est un site incontournable : cet impressionnant ouvrage architectural du XVIIe si\u00e8cle attire tous les regards, m\u00eame s&rsquo;il n&rsquo;est pas aussi populaire qu&rsquo;il le m\u00e9riterait. Pour profiter de la meilleure vue, vous pouvez marcher sur le sommet de l\u2019aqueduc, \u00e0 30 m\u00e8tres de hauteur, et rep\u00e9rer d\u2019ores et d\u00e9j\u00e0 votre prochaine activit\u00e9. Les environs regorgent de sentiers de randonn\u00e9e, d\u2019aires de pique-nique, de plages fluviales et de parcs naturels. Vous ne vous lassez pas du Portugal, mais vous connaissez d\u00e9j\u00e0 par c\u0153ur toutes les ruelles de Tomar ? Dans ce cas, visitez l\u2019une des autres destinations c\u00e9l\u00e8bres situ\u00e9es \u00e0 proximit\u00e9, telles que F\u00e1tima, \u00d3bidos ou les plages de Nazar\u00e9. Ou partez faire une journ\u00e9e de shopping \u00e0 Leiria si le temps n\u2019est pas au beau fixe. Tous ces endroits sont accessibles en moins d\u2019une heure depuis Tomar.      <\/p>\n<\/div><\/div><\/div><\/div><\/div><div class=\"fusion-fullwidth fullwidth-box fusion-builder-row-5 fusion-flex-container has-pattern-background has-mask-background hundred-percent-fullwidth non-hundred-percent-height-scrolling\" style=\"--awb-border-radius-top-left:0px;--awb-border-radius-top-right:0px;--awb-border-radius-bottom-right:0px;--awb-border-radius-bottom-left:0px;--awb-margin-top:15px;--awb-flex-wrap:wrap;\" ><div class=\"fusion-builder-row fusion-row fusion-flex-align-items-flex-start fusion-flex-content-wrap\" style=\"width:104% !important;max-width:104% !important;margin-left: calc(-4% \/ 2 );margin-right: calc(-4% \/ 2 );\"><div class=\"fusion-layout-column fusion_builder_column fusion-builder-column-6 fusion_builder_column_1_1 1_1 fusion-flex-column\" style=\"--awb-bg-size:cover;--awb-width-large:100%;--awb-margin-top-large:0px;--awb-spacing-right-large:1.92%;--awb-margin-bottom-large:0px;--awb-spacing-left-large:1.92%;--awb-width-medium:100%;--awb-order-medium:0;--awb-spacing-right-medium:1.92%;--awb-spacing-left-medium:1.92%;--awb-width-small:100%;--awb-order-small:0;--awb-spacing-right-small:1.92%;--awb-spacing-left-small:1.92%;\"><div class=\"fusion-column-wrapper fusion-column-has-shadow fusion-flex-justify-content-flex-start fusion-content-layout-column\"><div class=\"fusion-title title fusion-title-1 fusion-title-center fusion-title-text fusion-title-size-two\" style=\"--awb-margin-top-small:0px;--awb-margin-right-small:0px;--awb-margin-bottom-small:20px;--awb-margin-left-small:0px;\"><div class=\"title-sep-container title-sep-container-left\"><div class=\"title-sep sep-single sep-dashed\" style=\"border-color:var(--awb-color3);\"><\/div><\/div><span class=\"awb-title-spacer\"><\/span><h2 class=\"fusion-title-heading title-heading-center\" style=\"margin:0;\">Galerie de photos des environs de Tomar, pr\u00e8s de la Casa Dani<\/h2><span class=\"awb-title-spacer\"><\/span><div class=\"title-sep-container title-sep-container-right\"><div class=\"title-sep sep-single sep-dashed\" style=\"border-color:var(--awb-color3);\"><\/div><\/div><\/div><\/div><\/div><\/div><\/div><div class=\"fusion-fullwidth fullwidth-box fusion-builder-row-6 fusion-flex-container has-pattern-background has-mask-background hundred-percent-fullwidth non-hundred-percent-height-scrolling\" style=\"--awb-border-radius-top-left:0px;--awb-border-radius-top-right:0px;--awb-border-radius-bottom-right:0px;--awb-border-radius-bottom-left:0px;--awb-flex-wrap:wrap;\" ><div class=\"fusion-builder-row fusion-row fusion-flex-align-items-flex-start fusion-flex-content-wrap\" style=\"width:104% !important;max-width:104% !important;margin-left: calc(-4% \/ 2 );margin-right: calc(-4% \/ 2 );\"><div class=\"fusion-layout-column fusion_builder_column fusion-builder-column-7 fusion_builder_column_1_1 1_1 fusion-flex-column\" style=\"--awb-bg-size:cover;--awb-width-large:100%;--awb-margin-top-large:0px;--awb-spacing-right-large:1.92%;--awb-margin-bottom-large:0px;--awb-spacing-left-large:1.92%;--awb-width-medium:100%;--awb-order-medium:0;--awb-spacing-right-medium:1.92%;--awb-spacing-left-medium:1.92%;--awb-width-small:100%;--awb-order-small:0;--awb-spacing-right-small:1.92%;--awb-spacing-left-small:1.92%;\"><div class=\"fusion-column-wrapper fusion-column-has-shadow fusion-flex-justify-content-flex-start fusion-content-layout-column\"><div class=\"awb-gallery-wrapper awb-gallery-wrapper-1 button-span-no\" style=\"--more-btn-alignment:center;\" data-limit=\"10\" data-page=\"1\"><div style=\"margin:-5px;--awb-bordersize:0px;\" class=\"fusion-gallery fusion-gallery-container fusion-grid-3 fusion-columns-total-15 fusion-gallery-layout-grid fusion-gallery-1\"><div style=\"padding:5px;\" class=\"fusion-grid-column fusion-gallery-column fusion-gallery-column-3 hover-type-none\"><div class=\"fusion-gallery-image\"><a href=\"https:\/\/casadaniportugal.com\/wp-content\/uploads\/2025\/10\/20251020_0839252-1.jpg\" rel=\"noreferrer\" data-rel=\"iLightbox[gallery_image_1]\" class=\"fusion-lightbox\" target=\"_self\"><img decoding=\"async\" src=\"https:\/\/casadaniportugal.com\/wp-content\/uploads\/2025\/10\/20251020_0839252-1.jpg\" data-orig-src=\"https:\/\/casadaniportugal.com\/wp-content\/uploads\/2025\/10\/20251020_0839252-1.jpg\" width=\"1187\" height=\"890\" alt=\"\" title=\"20251020_083925~2 (1)\" aria-label=\"20251020_083925~2 (1)\" class=\"lazyload img-responsive wp-image-2241\" srcset=\"data:image\/svg+xml,%3Csvg%20xmlns%3D%27http%3A%2F%2Fwww.w3.org%2F2000%2Fsvg%27%20width%3D%271187%27%20height%3D%27890%27%20viewBox%3D%270%200%201187%20890%27%3E%3Crect%20width%3D%271187%27%20height%3D%27890%27%20fill-opacity%3D%220%22%2F%3E%3C%2Fsvg%3E\" data-srcset=\"https:\/\/casadaniportugal.com\/wp-content\/uploads\/2025\/10\/20251020_0839252-1-200x150.jpg 200w, https:\/\/casadaniportugal.com\/wp-content\/uploads\/2025\/10\/20251020_0839252-1-400x300.jpg 400w, https:\/\/casadaniportugal.com\/wp-content\/uploads\/2025\/10\/20251020_0839252-1-600x450.jpg 600w, https:\/\/casadaniportugal.com\/wp-content\/uploads\/2025\/10\/20251020_0839252-1-800x600.jpg 800w, https:\/\/casadaniportugal.com\/wp-content\/uploads\/2025\/10\/20251020_0839252-1.jpg 1187w\" data-sizes=\"auto\" data-orig-sizes=\"(min-width: 2200px) 100vw, (min-width: 784px) 387px, (min-width: 712px) 580px, (min-width: 640px) 712px, \" data-orig-><\/a><\/div><\/div><div style=\"padding:5px;\" class=\"fusion-grid-column fusion-gallery-column fusion-gallery-column-3 hover-type-none\"><div class=\"fusion-gallery-image\"><a href=\"https:\/\/casadaniportugal.com\/wp-content\/uploads\/2024\/07\/Tomar-omgeving-Casa-Dani-31.jpg\" rel=\"noreferrer\" data-rel=\"iLightbox[gallery_image_1]\" class=\"fusion-lightbox\" target=\"_self\"><img decoding=\"async\" src=\"https:\/\/casadaniportugal.com\/wp-content\/uploads\/2024\/07\/Tomar-omgeving-Casa-Dani-31.jpg\" data-orig-src=\"https:\/\/casadaniportugal.com\/wp-content\/uploads\/2024\/07\/Tomar-omgeving-Casa-Dani-31.jpg\" width=\"1224\" height=\"918\" alt=\"Les environs d&#039;Omar, Casa Dani\" title=\"Environs de Tomar, Casa Dani 31\" aria-label=\"Environs de Tomar, Casa Dani 31\" class=\"lazyload img-responsive wp-image-2242\" srcset=\"data:image\/svg+xml,%3Csvg%20xmlns%3D%27http%3A%2F%2Fwww.w3.org%2F2000%2Fsvg%27%20width%3D%271224%27%20height%3D%27918%27%20viewBox%3D%270%200%201224%20918%27%3E%3Crect%20width%3D%271224%27%20height%3D%27918%27%20fill-opacity%3D%220%22%2F%3E%3C%2Fsvg%3E\" data-srcset=\"https:\/\/casadaniportugal.com\/wp-content\/uploads\/2024\/07\/Tomar-omgeving-Casa-Dani-31-200x150.jpg 200w, https:\/\/casadaniportugal.com\/wp-content\/uploads\/2024\/07\/Tomar-omgeving-Casa-Dani-31-400x300.jpg 400w, https:\/\/casadaniportugal.com\/wp-content\/uploads\/2024\/07\/Tomar-omgeving-Casa-Dani-31-600x450.jpg 600w, https:\/\/casadaniportugal.com\/wp-content\/uploads\/2024\/07\/Tomar-omgeving-Casa-Dani-31-800x600.jpg 800w, https:\/\/casadaniportugal.com\/wp-content\/uploads\/2024\/07\/Tomar-omgeving-Casa-Dani-31-1200x900.jpg 1200w, https:\/\/casadaniportugal.com\/wp-content\/uploads\/2024\/07\/Tomar-omgeving-Casa-Dani-31.jpg 1224w\" data-sizes=\"auto\" data-orig-sizes=\"(min-width: 2200px) 100vw, (min-width: 784px) 387px, (min-width: 712px) 580px, (min-width: 640px) 712px, \" \/><\/a><\/div><\/div><div style=\"padding:5px;\" class=\"fusion-grid-column fusion-gallery-column fusion-gallery-column-3 hover-type-none\"><div class=\"fusion-gallery-image\"><a href=\"https:\/\/casadaniportugal.com\/wp-content\/uploads\/2024\/07\/Tomar-omgeving-Casa-Dani-21.jpg\" rel=\"noreferrer\" data-rel=\"iLightbox[gallery_image_1]\" class=\"fusion-lightbox\" target=\"_self\"><img decoding=\"async\" src=\"https:\/\/casadaniportugal.com\/wp-content\/uploads\/2024\/07\/Tomar-omgeving-Casa-Dani-21.jpg\" data-orig-src=\"https:\/\/casadaniportugal.com\/wp-content\/uploads\/2024\/07\/Tomar-omgeving-Casa-Dani-21.jpg\" width=\"1200\" height=\"900\" alt=\"Les environs d&#039;Omar, Casa Dani\" title=\"Environs de Tomar, Casa Dani 21\" aria-label=\"Environs de Tomar, Casa Dani 21\" class=\"lazyload img-responsive wp-image-2243\" srcset=\"data:image\/svg+xml,%3Csvg%20xmlns%3D%27http%3A%2F%2Fwww.w3.org%2F2000%2Fsvg%27%20width%3D%271200%27%20height%3D%27900%27%20viewBox%3D%270%200%201200%20900%27%3E%3Crect%20width%3D%271200%27%20height%3D%27900%27%20fill-opacity%3D%220%22%2F%3E%3C%2Fsvg%3E\" data-srcset=\"https:\/\/casadaniportugal.com\/wp-content\/uploads\/2024\/07\/Tomar-omgeving-Casa-Dani-21-200x150.jpg 200w, https:\/\/casadaniportugal.com\/wp-content\/uploads\/2024\/07\/Tomar-omgeving-Casa-Dani-21-400x300.jpg 400w, https:\/\/casadaniportugal.com\/wp-content\/uploads\/2024\/07\/Tomar-omgeving-Casa-Dani-21-600x450.jpg 600w, https:\/\/casadaniportugal.com\/wp-content\/uploads\/2024\/07\/Tomar-omgeving-Casa-Dani-21-800x600.jpg 800w, https:\/\/casadaniportugal.com\/wp-content\/uploads\/2024\/07\/Tomar-omgeving-Casa-Dani-21.jpg 1200w\" data-sizes=\"auto\" data-orig-sizes=\"(min-width: 2200px) 100vw, (min-width: 784px) 387px, (min-width: 712px) 580px, (min-width: 640px) 712px, \" \/><\/a><\/div><\/div><div class=\"clearfix\"><\/div><div style=\"padding:5px;\" class=\"fusion-grid-column fusion-gallery-column fusion-gallery-column-3 hover-type-none\"><div class=\"fusion-gallery-image\"><a href=\"https:\/\/casadaniportugal.com\/wp-content\/uploads\/2024\/07\/Tomar-omgeving-Casa-Dani-11.jpg\" rel=\"noreferrer\" data-rel=\"iLightbox[gallery_image_1]\" class=\"fusion-lightbox\" target=\"_self\"><img decoding=\"async\" src=\"https:\/\/casadaniportugal.com\/wp-content\/uploads\/2024\/07\/Tomar-omgeving-Casa-Dani-11.jpg\" data-orig-src=\"https:\/\/casadaniportugal.com\/wp-content\/uploads\/2024\/07\/Tomar-omgeving-Casa-Dani-11.jpg\" width=\"324\" height=\"182\" alt=\"Les environs d&#039;Omar, Casa Dani\" title=\"Environs de Tomar, Casa Dani 11\" aria-label=\"Environs de Tomar, Casa Dani 11\" class=\"lazyload img-responsive wp-image-2244\" srcset=\"data:image\/svg+xml,%3Csvg%20xmlns%3D%27http%3A%2F%2Fwww.w3.org%2F2000%2Fsvg%27%20width%3D%27324%27%20height%3D%27182%27%20viewBox%3D%270%200%20324%20182%27%3E%3Crect%20width%3D%27324%27%20height%3D%27182%27%20fill-opacity%3D%220%22%2F%3E%3C%2Fsvg%3E\" data-srcset=\"https:\/\/casadaniportugal.com\/wp-content\/uploads\/2024\/07\/Tomar-omgeving-Casa-Dani-11-200x112.jpg 200w, https:\/\/casadaniportugal.com\/wp-content\/uploads\/2024\/07\/Tomar-omgeving-Casa-Dani-11.jpg 324w\" data-sizes=\"auto\" data-orig-sizes=\"(min-width: 2200px) 100vw, (min-width: 784px) 387px, (min-width: 712px) 580px, (min-width: 640px) 712px, \" \/><\/a><\/div><\/div><div style=\"padding:5px;\" class=\"fusion-grid-column fusion-gallery-column fusion-gallery-column-3 hover-type-none\"><div class=\"fusion-gallery-image\"><a href=\"https:\/\/casadaniportugal.com\/wp-content\/uploads\/2024\/07\/Tomar-omgeving-Casa-Dani-91.jpg\" rel=\"noreferrer\" data-rel=\"iLightbox[gallery_image_1]\" class=\"fusion-lightbox\" target=\"_self\"><img decoding=\"async\" src=\"https:\/\/casadaniportugal.com\/wp-content\/uploads\/2024\/07\/Tomar-omgeving-Casa-Dani-91.jpg\" data-orig-src=\"https:\/\/casadaniportugal.com\/wp-content\/uploads\/2024\/07\/Tomar-omgeving-Casa-Dani-91.jpg\" width=\"1224\" height=\"918\" alt=\"Les environs d&#039;Omar, Casa Dani\" title=\"Environs de Tomar, Casa Dani 91\" aria-label=\"Environs de Tomar, Casa Dani 91\" class=\"lazyload img-responsive wp-image-2245\" srcset=\"data:image\/svg+xml,%3Csvg%20xmlns%3D%27http%3A%2F%2Fwww.w3.org%2F2000%2Fsvg%27%20width%3D%271224%27%20height%3D%27918%27%20viewBox%3D%270%200%201224%20918%27%3E%3Crect%20width%3D%271224%27%20height%3D%27918%27%20fill-opacity%3D%220%22%2F%3E%3C%2Fsvg%3E\" data-srcset=\"https:\/\/casadaniportugal.com\/wp-content\/uploads\/2024\/07\/Tomar-omgeving-Casa-Dani-91-200x150.jpg 200w, https:\/\/casadaniportugal.com\/wp-content\/uploads\/2024\/07\/Tomar-omgeving-Casa-Dani-91-400x300.jpg 400w, https:\/\/casadaniportugal.com\/wp-content\/uploads\/2024\/07\/Tomar-omgeving-Casa-Dani-91-600x450.jpg 600w, https:\/\/casadaniportugal.com\/wp-content\/uploads\/2024\/07\/Tomar-omgeving-Casa-Dani-91-800x600.jpg 800w, https:\/\/casadaniportugal.com\/wp-content\/uploads\/2024\/07\/Tomar-omgeving-Casa-Dani-91-1200x900.jpg 1200w, https:\/\/casadaniportugal.com\/wp-content\/uploads\/2024\/07\/Tomar-omgeving-Casa-Dani-91.jpg 1224w\" data-sizes=\"auto\" data-orig-sizes=\"(min-width: 2200px) 100vw, (min-width: 784px) 387px, (min-width: 712px) 580px, (min-width: 640px) 712px, \" \/><\/a><\/div><\/div><div style=\"padding:5px;\" class=\"fusion-grid-column fusion-gallery-column fusion-gallery-column-3 hover-type-none\"><div class=\"fusion-gallery-image\"><a href=\"https:\/\/casadaniportugal.com\/wp-content\/uploads\/2024\/07\/Tomar-omgeving-Casa-Dani-81.jpg\" rel=\"noreferrer\" data-rel=\"iLightbox[gallery_image_1]\" class=\"fusion-lightbox\" target=\"_self\"><img decoding=\"async\" src=\"https:\/\/casadaniportugal.com\/wp-content\/uploads\/2024\/07\/Tomar-omgeving-Casa-Dani-81.jpg\" data-orig-src=\"https:\/\/casadaniportugal.com\/wp-content\/uploads\/2024\/07\/Tomar-omgeving-Casa-Dani-81.jpg\" width=\"1224\" height=\"918\" alt=\"Les environs d&#039;Omar, Casa Dani\" title=\"Environs de Tomar, Casa Dani 81\" aria-label=\"Environs de Tomar, Casa Dani 81\" class=\"lazyload img-responsive wp-image-2246\" srcset=\"data:image\/svg+xml,%3Csvg%20xmlns%3D%27http%3A%2F%2Fwww.w3.org%2F2000%2Fsvg%27%20width%3D%271224%27%20height%3D%27918%27%20viewBox%3D%270%200%201224%20918%27%3E%3Crect%20width%3D%271224%27%20height%3D%27918%27%20fill-opacity%3D%220%22%2F%3E%3C%2Fsvg%3E\" data-srcset=\"https:\/\/casadaniportugal.com\/wp-content\/uploads\/2024\/07\/Tomar-omgeving-Casa-Dani-81-200x150.jpg 200w, https:\/\/casadaniportugal.com\/wp-content\/uploads\/2024\/07\/Tomar-omgeving-Casa-Dani-81-400x300.jpg 400w, https:\/\/casadaniportugal.com\/wp-content\/uploads\/2024\/07\/Tomar-omgeving-Casa-Dani-81-600x450.jpg 600w, https:\/\/casadaniportugal.com\/wp-content\/uploads\/2024\/07\/Tomar-omgeving-Casa-Dani-81-800x600.jpg 800w, https:\/\/casadaniportugal.com\/wp-content\/uploads\/2024\/07\/Tomar-omgeving-Casa-Dani-81-1200x900.jpg 1200w, https:\/\/casadaniportugal.com\/wp-content\/uploads\/2024\/07\/Tomar-omgeving-Casa-Dani-81.jpg 1224w\" data-sizes=\"auto\" data-orig-sizes=\"(min-width: 2200px) 100vw, (min-width: 784px) 387px, (min-width: 712px) 580px, (min-width: 640px) 712px, \" \/><\/a><\/div><\/div><div class=\"clearfix\"><\/div><div style=\"padding:5px;\" class=\"fusion-grid-column fusion-gallery-column fusion-gallery-column-3 hover-type-none\"><div class=\"fusion-gallery-image\"><a href=\"https:\/\/casadaniportugal.com\/wp-content\/uploads\/2024\/07\/Tomar-omgeving-Casa-Dani-71.jpg\" rel=\"noreferrer\" data-rel=\"iLightbox[gallery_image_1]\" class=\"fusion-lightbox\" target=\"_self\"><img decoding=\"async\" src=\"https:\/\/casadaniportugal.com\/wp-content\/uploads\/2024\/07\/Tomar-omgeving-Casa-Dani-71.jpg\" data-orig-src=\"https:\/\/casadaniportugal.com\/wp-content\/uploads\/2024\/07\/Tomar-omgeving-Casa-Dani-71.jpg\" width=\"1200\" height=\"900\" alt=\"Les environs d&#039;Omar, Casa Dani\" title=\"Environs de Tomar, Casa Dani 71\" aria-label=\"Environs de Tomar, Casa Dani 71\" class=\"lazyload img-responsive wp-image-2247\" srcset=\"data:image\/svg+xml,%3Csvg%20xmlns%3D%27http%3A%2F%2Fwww.w3.org%2F2000%2Fsvg%27%20width%3D%271200%27%20height%3D%27900%27%20viewBox%3D%270%200%201200%20900%27%3E%3Crect%20width%3D%271200%27%20height%3D%27900%27%20fill-opacity%3D%220%22%2F%3E%3C%2Fsvg%3E\" data-srcset=\"https:\/\/casadaniportugal.com\/wp-content\/uploads\/2024\/07\/Tomar-omgeving-Casa-Dani-71-200x150.jpg 200w, https:\/\/casadaniportugal.com\/wp-content\/uploads\/2024\/07\/Tomar-omgeving-Casa-Dani-71-400x300.jpg 400w, https:\/\/casadaniportugal.com\/wp-content\/uploads\/2024\/07\/Tomar-omgeving-Casa-Dani-71-600x450.jpg 600w, https:\/\/casadaniportugal.com\/wp-content\/uploads\/2024\/07\/Tomar-omgeving-Casa-Dani-71-800x600.jpg 800w, https:\/\/casadaniportugal.com\/wp-content\/uploads\/2024\/07\/Tomar-omgeving-Casa-Dani-71.jpg 1200w\" data-sizes=\"auto\" data-orig-sizes=\"(min-width: 2200px) 100vw, (min-width: 784px) 387px, (min-width: 712px) 580px, (min-width: 640px) 712px, \" \/><\/a><\/div><\/div><div style=\"padding:5px;\" class=\"fusion-grid-column fusion-gallery-column fusion-gallery-column-3 hover-type-none\"><div class=\"fusion-gallery-image\"><a href=\"https:\/\/casadaniportugal.com\/wp-content\/uploads\/2024\/07\/Tomar-omgeving-Casa-Dani-61.jpg\" rel=\"noreferrer\" data-rel=\"iLightbox[gallery_image_1]\" class=\"fusion-lightbox\" target=\"_self\"><img decoding=\"async\" src=\"https:\/\/casadaniportugal.com\/wp-content\/uploads\/2024\/07\/Tomar-omgeving-Casa-Dani-61.jpg\" data-orig-src=\"https:\/\/casadaniportugal.com\/wp-content\/uploads\/2024\/07\/Tomar-omgeving-Casa-Dani-61.jpg\" width=\"1224\" height=\"918\" alt=\"Les environs d&#039;Omar, Casa Dani\" title=\"Environs de Tomar, Casa Dani 61\" aria-label=\"Environs de Tomar, Casa Dani 61\" class=\"lazyload img-responsive wp-image-2248\" srcset=\"data:image\/svg+xml,%3Csvg%20xmlns%3D%27http%3A%2F%2Fwww.w3.org%2F2000%2Fsvg%27%20width%3D%271224%27%20height%3D%27918%27%20viewBox%3D%270%200%201224%20918%27%3E%3Crect%20width%3D%271224%27%20height%3D%27918%27%20fill-opacity%3D%220%22%2F%3E%3C%2Fsvg%3E\" data-srcset=\"https:\/\/casadaniportugal.com\/wp-content\/uploads\/2024\/07\/Tomar-omgeving-Casa-Dani-61-200x150.jpg 200w, https:\/\/casadaniportugal.com\/wp-content\/uploads\/2024\/07\/Tomar-omgeving-Casa-Dani-61-400x300.jpg 400w, https:\/\/casadaniportugal.com\/wp-content\/uploads\/2024\/07\/Tomar-omgeving-Casa-Dani-61-600x450.jpg 600w, https:\/\/casadaniportugal.com\/wp-content\/uploads\/2024\/07\/Tomar-omgeving-Casa-Dani-61-800x600.jpg 800w, https:\/\/casadaniportugal.com\/wp-content\/uploads\/2024\/07\/Tomar-omgeving-Casa-Dani-61-1200x900.jpg 1200w, https:\/\/casadaniportugal.com\/wp-content\/uploads\/2024\/07\/Tomar-omgeving-Casa-Dani-61.jpg 1224w\" data-sizes=\"auto\" data-orig-sizes=\"(min-width: 2200px) 100vw, (min-width: 784px) 387px, (min-width: 712px) 580px, (min-width: 640px) 712px, \" \/><\/a><\/div><\/div><div style=\"padding:5px;\" class=\"fusion-grid-column fusion-gallery-column fusion-gallery-column-3 hover-type-none\"><div class=\"fusion-gallery-image\"><a href=\"https:\/\/casadaniportugal.com\/wp-content\/uploads\/2025\/10\/FB_IMG_1750928635191.jpg\" rel=\"noreferrer\" data-rel=\"iLightbox[gallery_image_1]\" class=\"fusion-lightbox\" target=\"_self\"><img decoding=\"async\" src=\"https:\/\/casadaniportugal.com\/wp-content\/uploads\/2025\/10\/FB_IMG_1750928635191.jpg\" data-orig-src=\"https:\/\/casadaniportugal.com\/wp-content\/uploads\/2025\/10\/FB_IMG_1750928635191.jpg\" width=\"1080\" height=\"795\" alt=\"\" title=\"FB_IMG_1750928635191\" aria-label=\"FB_IMG_1750928635191\" class=\"lazyload img-responsive wp-image-2249\" srcset=\"data:image\/svg+xml,%3Csvg%20xmlns%3D%27http%3A%2F%2Fwww.w3.org%2F2000%2Fsvg%27%20width%3D%271080%27%20height%3D%27795%27%20viewBox%3D%270%200%201080%20795%27%3E%3Crect%20width%3D%271080%27%20height%3D%27795%27%20fill-opacity%3D%220%22%2F%3E%3C%2Fsvg%3E\" data-srcset=\"https:\/\/casadaniportugal.com\/wp-content\/uploads\/2025\/10\/FB_IMG_1750928635191-200x147.jpg 200w, https:\/\/casadaniportugal.com\/wp-content\/uploads\/2025\/10\/FB_IMG_1750928635191-400x294.jpg 400w, https:\/\/casadaniportugal.com\/wp-content\/uploads\/2025\/10\/FB_IMG_1750928635191-600x442.jpg 600w, https:\/\/casadaniportugal.com\/wp-content\/uploads\/2025\/10\/FB_IMG_1750928635191-800x589.jpg 800w, https:\/\/casadaniportugal.com\/wp-content\/uploads\/2025\/10\/FB_IMG_1750928635191.jpg 1080w\" data-sizes=\"auto\" data-orig-sizes=\"(min-width: 2200px) 100vw, (min-width: 784px) 387px, (min-width: 712px) 580px, (min-width: 640px) 712px, \" data-orig-><\/a><\/div><\/div><div class=\"clearfix\"><\/div><div style=\"padding:5px;\" class=\"fusion-grid-column fusion-gallery-column fusion-gallery-column-3 hover-type-none\"><div class=\"fusion-gallery-image\"><a href=\"https:\/\/casadaniportugal.com\/wp-content\/uploads\/2025\/10\/20250704_161007.jpg\" rel=\"noreferrer\" data-rel=\"iLightbox[gallery_image_1]\" class=\"fusion-lightbox\" target=\"_self\"><img decoding=\"async\" src=\"https:\/\/casadaniportugal.com\/wp-content\/uploads\/2025\/10\/20250704_161007.jpg\" data-orig-src=\"https:\/\/casadaniportugal.com\/wp-content\/uploads\/2025\/10\/20250704_161007.jpg\" width=\"1187\" height=\"890\" alt=\"\" title=\"20250704_161007\" aria-label=\"20250704_161007\" class=\"lazyload img-responsive wp-image-2250\" srcset=\"data:image\/svg+xml,%3Csvg%20xmlns%3D%27http%3A%2F%2Fwww.w3.org%2F2000%2Fsvg%27%20width%3D%271187%27%20height%3D%27890%27%20viewBox%3D%270%200%201187%20890%27%3E%3Crect%20width%3D%271187%27%20height%3D%27890%27%20fill-opacity%3D%220%22%2F%3E%3C%2Fsvg%3E\" data-srcset=\"https:\/\/casadaniportugal.com\/wp-content\/uploads\/2025\/10\/20250704_161007-200x150.jpg 200w, https:\/\/casadaniportugal.com\/wp-content\/uploads\/2025\/10\/20250704_161007-400x300.jpg 400w, https:\/\/casadaniportugal.com\/wp-content\/uploads\/2025\/10\/20250704_161007-600x450.jpg 600w, https:\/\/casadaniportugal.com\/wp-content\/uploads\/2025\/10\/20250704_161007-800x600.jpg 800w, https:\/\/casadaniportugal.com\/wp-content\/uploads\/2025\/10\/20250704_161007.jpg 1187w\" data-sizes=\"auto\" data-orig-sizes=\"(min-width: 2200px) 100vw, (min-width: 784px) 387px, (min-width: 712px) 580px, (min-width: 640px) 712px, \" data-orig-><\/a><\/div><\/div><div style=\"padding:5px;\" class=\"fusion-grid-column fusion-gallery-column fusion-gallery-column-3 hover-type-none awb-gallery-item-hidden\"><div class=\"fusion-gallery-image\"><a rel=\"noreferrer\" data-rel=\"iLightbox[gallery_image_1]\" class=\"fusion-lightbox\" target=\"_self\"><img decoding=\"async\" src=\"data:image\/gif;base64,R0lGODlhAQABAAAAACH5BAEKAAEALAAAAAABAAEAAAICTAEAOw==\" data-orig-src=\"\" width=\"\" height=\"\" alt=\"\" title=\"\" aria-label=\"\" class=\"lazyload img-responsive wp-image-\"><\/a><\/div><\/div><div style=\"padding:5px;\" class=\"fusion-grid-column fusion-gallery-column fusion-gallery-column-3 hover-type-none awb-gallery-item-hidden\"><div class=\"fusion-gallery-image\"><a href=\"https:\/\/casadaniportugal.com\/wp-content\/uploads\/2025\/10\/20240803_185234.jpg\" rel=\"noreferrer\" data-rel=\"iLightbox[gallery_image_1]\" class=\"fusion-lightbox\" target=\"_self\"><img decoding=\"async\" src=\"https:\/\/casadaniportugal.com\/wp-content\/uploads\/2025\/10\/20240803_185234.jpg\" data-orig-src=\"https:\/\/casadaniportugal.com\/wp-content\/uploads\/2025\/10\/20240803_185234.jpg\" width=\"1187\" height=\"890\" alt=\"\" title=\"20240803_185234\" aria-label=\"20240803_185234\" class=\"lazyload img-responsive wp-image-2251\" srcset=\"data:image\/svg+xml,%3Csvg%20xmlns%3D%27http%3A%2F%2Fwww.w3.org%2F2000%2Fsvg%27%20width%3D%271187%27%20height%3D%27890%27%20viewBox%3D%270%200%201187%20890%27%3E%3Crect%20width%3D%271187%27%20height%3D%27890%27%20fill-opacity%3D%220%22%2F%3E%3C%2Fsvg%3E\" data-srcset=\"https:\/\/casadaniportugal.com\/wp-content\/uploads\/2025\/10\/20240803_185234-200x150.jpg 200w, https:\/\/casadaniportugal.com\/wp-content\/uploads\/2025\/10\/20240803_185234-400x300.jpg 400w, https:\/\/casadaniportugal.com\/wp-content\/uploads\/2025\/10\/20240803_185234-600x450.jpg 600w, https:\/\/casadaniportugal.com\/wp-content\/uploads\/2025\/10\/20240803_185234-800x600.jpg 800w, https:\/\/casadaniportugal.com\/wp-content\/uploads\/2025\/10\/20240803_185234.jpg 1187w\" data-sizes=\"auto\" data-orig-sizes=\"(min-width: 2200px) 100vw, (min-width: 784px) 387px, (min-width: 712px) 580px, (min-width: 640px) 712px, \" data-orig-><\/a><\/div><\/div><div class=\"clearfix\"><\/div><div style=\"padding:5px;\" class=\"fusion-grid-column fusion-gallery-column fusion-gallery-column-3 hover-type-none awb-gallery-item-hidden\"><div class=\"fusion-gallery-image\"><a rel=\"noreferrer\" data-rel=\"iLightbox[gallery_image_1]\" class=\"fusion-lightbox\" target=\"_self\"><img decoding=\"async\" src=\"data:image\/gif;base64,R0lGODlhAQABAAAAACH5BAEKAAEALAAAAAABAAEAAAICTAEAOw==\" data-orig-src=\"\" width=\"\" height=\"\" alt=\"\" title=\"\" aria-label=\"\" class=\"lazyload img-responsive wp-image-\"><\/a><\/div><\/div><div style=\"padding:5px;\" class=\"fusion-grid-column fusion-gallery-column fusion-gallery-column-3 hover-type-none awb-gallery-item-hidden\"><div class=\"fusion-gallery-image\"><a rel=\"noreferrer\" data-rel=\"iLightbox[gallery_image_1]\" class=\"fusion-lightbox\" target=\"_self\"><img decoding=\"async\" src=\"data:image\/gif;base64,R0lGODlhAQABAAAAACH5BAEKAAEALAAAAAABAAEAAAICTAEAOw==\" data-orig-src=\"\" width=\"\" height=\"\" alt=\"\" title=\"\" aria-label=\"\" class=\"lazyload img-responsive wp-image-\"><\/a><\/div><\/div><div style=\"padding:5px;\" class=\"fusion-grid-column fusion-gallery-column fusion-gallery-column-3 hover-type-none awb-gallery-item-hidden\"><div class=\"fusion-gallery-image\"><a rel=\"noreferrer\" data-rel=\"iLightbox[gallery_image_1]\" class=\"fusion-lightbox\" target=\"_self\"><img decoding=\"async\" src=\"data:image\/gif;base64,R0lGODlhAQABAAAAACH5BAEKAAEALAAAAAABAAEAAAICTAEAOw==\" data-orig-src=\"\" width=\"\" height=\"\" alt=\"\" title=\"\" aria-label=\"\" class=\"lazyload img-responsive wp-image-\"><\/a><\/div><\/div><div class=\"clearfix\"><\/div><\/div><div class=\"fusion-loading-container fusion-clearfix awb-gallery-posts-loading-container\">\n\t\t\t\t<div class=\"fusion-loading-spinner\">\n\t\t\t\t\t<div class=\"fusion-spinner-1\"><\/div>\n\t\t\t\t\t<div class=\"fusion-spinner-2\"><\/div>\n\t\t\t\t\t<div class=\"fusion-spinner-3\"><\/div>\n\t\t\t\t<\/div><div class=\"fusion-loading-msg\"><em>Loading the next set of gallery items...<\/em><\/div><\/div><div class=\"awb-gallery-buttons\"><a href=\"#\" class=\"fusion-button button-flat button-default fusion-button-default-size awb-gallery-load-more-btn\">Voir plus......<\/a><\/div><\/div><\/div><\/div><\/div><\/div><\/p>\n","protected":false},"excerpt":{"rendered":"","protected":false},"author":1,"featured_media":0,"parent":0,"menu_order":0,"comment_status":"closed","ping_status":"closed","template":"100-width.php","meta":{"footnotes":""},"class_list":["post-2252","page","type-page","status-publish","hentry"],"_links":{"self":[{"href":"https:\/\/casadaniportugal.com\/fr\/wp-json\/wp\/v2\/pages\/2252","targetHints":{"allow":["GET"]}}],"collection":[{"href":"https:\/\/casadaniportugal.com\/fr\/wp-json\/wp\/v2\/pages"}],"about":[{"href":"https:\/\/casadaniportugal.com\/fr\/wp-json\/wp\/v2\/types\/page"}],"author":[{"embeddable":true,"href":"https:\/\/casadaniportugal.com\/fr\/wp-json\/wp\/v2\/users\/1"}],"replies":[{"embeddable":true,"href":"https:\/\/casadaniportugal.com\/fr\/wp-json\/wp\/v2\/comments?post=2252"}],"version-history":[{"count":3,"href":"https:\/\/casadaniportugal.com\/fr\/wp-json\/wp\/v2\/pages\/2252\/revisions"}],"predecessor-version":[{"id":2257,"href":"https:\/\/casadaniportugal.com\/fr\/wp-json\/wp\/v2\/pages\/2252\/revisions\/2257"}],"wp:attachment":[{"href":"https:\/\/casadaniportugal.com\/fr\/wp-json\/wp\/v2\/media?parent=2252"}],"curies":[{"name":"wp","href":"https:\/\/api.w.org\/{rel}","templated":true}]}}